{"id":250,"date":"2018-12-13T11:41:47","date_gmt":"2018-12-13T10:41:47","guid":{"rendered":"https:\/\/www.france-webdesign.com\/?page_id=250"},"modified":"2023-03-02T14:20:11","modified_gmt":"2023-03-02T13:20:11","slug":"creation-site-vitrine-artisan-liberal","status":"publish","type":"page","link":"https:\/\/www.france-webdesign.com\/es\/creacion-sitio-vitrina-artesano-liberal","title":{"rendered":"Creaci\u00f3n de un sitio escaparate"},"content":{"rendered":"<p>[et_pb_section fb_built=\u00a0\u00bb1&Prime; admin_label=\u00a0\u00bbAbout Us Section\u00a0\u00bb _builder_version=\u00a0\u00bb4.20.0&Prime; background_image=\u00a0\u00bb\/\/www.france-webdesign.com\/wp-content\/uploads\/2018\/12\/creation-sites-vitrine.jpg\u00a0\u00bb custom_margin=\u00a0\u00bb|5%||5%\u00a0\u00bb custom_margin_tablet=\u00a0\u00bb\u00a0\u00bb custom_margin_phone=\u00a0\u00bb|0px||0px\u00a0\u00bb custom_margin_last_edited=\u00a0\u00bbon|phone\u00a0\u00bb custom_padding=\u00a0\u00bb10%|||\u00a0\u00bb animation_style=\u00a0\u00bbzoom\u00a0\u00bb animation_direction=\u00a0\u00bbtop\u00a0\u00bb animation_intensity_zoom=\u00a0\u00bb5%\u00a0\u00bb box_shadow_style=\u00a0\u00bbpreset7&Prime; box_shadow_horizontal=\u00a0\u00bb0px\u00a0\u00bb box_shadow_vertical=\u00a0\u00bb-200px\u00a0\u00bb box_shadow_color=\u00a0\u00bb#ffffff\u00a0\u00bb global_colors_info=\u00a0\u00bb{}\u00a0\u00bb][et_pb_row column_structure=\u00a0\u00bb2_3,1_3&Prime; admin_label=\u00a0\u00bbAbout Us Area\u00a0\u00bb _builder_version=\u00a0\u00bb4.16&Prime; background_size=\u00a0\u00bbinitial\u00a0\u00bb background_position=\u00a0\u00bbtop_left\u00a0\u00bb background_repeat=\u00a0\u00bbrepeat\u00a0\u00bb custom_padding=\u00a0\u00bb77px|0px|0px|0px|false|false\u00a0\u00bb global_colors_info=\u00a0\u00bb{}\u00a0\u00bb][et_pb_column type=\u00a0\u00bb2_3&Prime; _builder_version=\u00a0\u00bb4.16&Prime; custom_padding=\u00a0\u00bb|||\u00a0\u00bb global_colors_info=\u00a0\u00bb{}\u00a0\u00bb custom_padding__hover=\u00a0\u00bb|||\u00a0\u00bb][et_pb_text admin_label=\u00a0\u00bbTitle\u00a0\u00bb _builder_version=\u00a0\u00bb4.16&Prime; text_font=\u00a0\u00bbMontserrat||||||||\u00a0\u00bb text_text_color=\u00a0\u00bb#747d88&Prime; text_font_size=\u00a0\u00bb16px\u00a0\u00bb text_line_height=\u00a0\u00bb1.9em\u00a0\u00bb header_font=\u00a0\u00bb||||||||\u00a0\u00bb header_text_align=\u00a0\u00bbleft\u00a0\u00bb header_font_size=\u00a0\u00bb29px\u00a0\u00bb header_2_font=\u00a0\u00bbMontserrat|700||on|||||\u00a0\u00bb header_2_font_size=\u00a0\u00bb42px\u00a0\u00bb header_2_line_height=\u00a0\u00bb1.3em\u00a0\u00bb background_color=\u00a0\u00bb#f7f7f7&Prime; background_size=\u00a0\u00bbinitial\u00a0\u00bb background_position=\u00a0\u00bbtop_left\u00a0\u00bb background_repeat=\u00a0\u00bbrepeat\u00a0\u00bb max_width=\u00a0\u00bb700px\u00a0\u00bb module_alignment=\u00a0\u00bbleft\u00a0\u00bb custom_margin=\u00a0\u00bb|||\u00a0\u00bb custom_padding=\u00a0\u00bb5.6%|10%|5.6%|10%|true|\u00a0\u00bb animation_style=\u00a0\u00bbslide\u00a0\u00bb animation_direction=\u00a0\u00bbbottom\u00a0\u00bb animation_intensity_slide=\u00a0\u00bb4%\u00a0\u00bb animation_starting_opacity=\u00a0\u00bb100%\u00a0\u00bb box_shadow_style=\u00a0\u00bbpreset1&Prime; box_shadow_vertical=\u00a0\u00bb15px\u00a0\u00bb box_shadow_blur=\u00a0\u00bb45px\u00a0\u00bb box_shadow_color=\u00a0\u00bbrgba(0,0,0,0.15)\u00a0\u00bb locked=\u00a0\u00bboff\u00a0\u00bb global_colors_info=\u00a0\u00bb{}\u00a0\u00bb]<\/p>\n<h1>escaparate web para PYME: aut\u00f3nomos, artesanos y comerciantes<\/h1>\n<p>La oferta escaparate de France Web-Design ofrece a los artesanos, profesionales aut\u00f3nomos y comerciantes visibilidad en la web a un coste reducido.<br \/>\n[\/et_pb_text][\/et_pb_column][et_pb_column type=\u00a0\u00bb1_3&Prime; _builder_version=\u00a0\u00bb4.16&Prime; custom_padding=\u00a0\u00bb|||\u00a0\u00bb global_colors_info=\u00a0\u00bb{}\u00a0\u00bb custom_padding__hover=\u00a0\u00bb|||\u00a0\u00bb][\/et_pb_column][\/et_pb_row][\/et_pb_section][et_pb_section fb_built=\u00a0\u00bb1&Prime; _builder_version=\u00a0\u00bb4.16&Prime; custom_padding=\u00a0\u00bb54px|0px|0|0px|false|false\u00a0\u00bb global_colors_info=\u00a0\u00bb{}\u00a0\u00bb][et_pb_row column_structure=\u00a0\u00bb1_2,1_2&Prime; _builder_version=\u00a0\u00bb4.16&Prime; global_colors_info=\u00a0\u00bb{}\u00a0\u00bb][et_pb_column type=\u00a0\u00bb1_2&Prime; _builder_version=\u00a0\u00bb4.16&Prime; custom_padding=\u00a0\u00bb|||\u00a0\u00bb global_colors_info=\u00a0\u00bb{}\u00a0\u00bb custom_padding__hover=\u00a0\u00bb|||\u00a0\u00bb][et_pb_text module_class=\u00a0\u00bbflechetraviol\u00a0\u00bb _builder_version=\u00a0\u00bb4.16&Prime; text_font=\u00a0\u00bb||||||||\u00a0\u00bb header_font=\u00a0\u00bbMontserrat||||||||\u00a0\u00bb header_2_font=\u00a0\u00bbMontserrat|900|||||||\u00a0\u00bb custom_margin=\u00a0\u00bb-38px|-43px|10%|-4px\u00a0\u00bb custom_padding=\u00a0\u00bb11%|13%|12%|13%\u00a0\u00bb border_radii=\u00a0\u00bbon|1px|1px|1px|1px\u00a0\u00bb border_width_all=\u00a0\u00bb2px\u00a0\u00bb border_color_all=\u00a0\u00bb#ACB9CA\u00a0\u00bb border_width_top=\u00a0\u00bb1px\u00a0\u00bb border_width_right=\u00a0\u00bb1px\u00a0\u00bb border_width_bottom=\u00a0\u00bb1px\u00a0\u00bb border_width_left=\u00a0\u00bb1px\u00a0\u00bb global_colors_info=\u00a0\u00bb{}\u00a0\u00bb]<\/p>\n<h2 class=\"barrefr\"><strong>EL PACK SITIO ESCAPARATE<\/strong><\/h2>\n<p>&nbsp;<\/p>\n<ul class=\"no_bullet\">\n<li class=\"frweblist\"><strong>Elecci\u00f3n<\/strong> dise\u00f1o gr\u00e1fico<\/li>\n<li class=\"frweblist\">Solicitar un nombre de dominio<\/li>\n<li class=\"frweblist\">P\u00e1gina web <strong>Respuesta<\/strong> en HTML5<\/li>\n<li class=\"frweblist\">Hasta 5 p\u00e1ginas de <strong>presentaci\u00f3n y contacto<\/strong><\/li>\n<li class=\"frweblist\">Acceso completo a <strong>la interfaz de usuario<\/strong> de la<\/li>\n<li class=\"frweblist\"><strong>Optimizaci\u00f3n<\/strong> buscadores<\/li>\n<li class=\"frweblist\">Integraci\u00f3n de <strong>Google Analytics<\/strong><\/li>\n<li class=\"frweblist\">Integraci\u00f3n de <strong>Redes sociales<\/strong><\/li>\n<li class=\"frweblist\">Supervisi\u00f3n y mantenimiento<\/li>\n<li class=\"frweblist\"><strong>Consejos espec\u00edficos<\/strong> tu profesi\u00f3n<\/li>\n<\/ul>\n<p>[\/et_pb_text][et_pb_image src=\u00a0\u00bb\/\/www.france-webdesign.com\/wp-content\/uploads\/2018\/12\/services-web-design-380&#215;380.png\u00a0\u00bb title_text=\u00a0\u00bbservices-web-design-380&#215;380&Prime; align=\u00a0\u00bbcenter\u00a0\u00bb align_tablet=\u00a0\u00bbcenter\u00a0\u00bb align_phone=\u00a0\u00bb\u00a0\u00bb align_last_edited=\u00a0\u00bbon|desktop\u00a0\u00bb _builder_version=\u00a0\u00bb4.16&Prime; custom_margin=\u00a0\u00bb5%|-10%|-33px|-21%||\u00a0\u00bb global_colors_info=\u00a0\u00bb{}\u00a0\u00bb][\/et_pb_image][\/et_pb_column][et_pb_column type=\u00a0\u00bb1_2&Prime; _builder_version=\u00a0\u00bb4.16&Prime; custom_padding=\u00a0\u00bb|||\u00a0\u00bb global_colors_info=\u00a0\u00bb{}\u00a0\u00bb custom_padding__hover=\u00a0\u00bb|||\u00a0\u00bb][et_pb_image src=\u00a0\u00bb\/\/www.france-webdesign.com\/wp-content\/uploads\/2018\/12\/creation-site-internet-bographik-liege-belgique.png\u00a0\u00bb show_bottom_space=\u00a0\u00bboff\u00a0\u00bb align=\u00a0\u00bbcenter\u00a0\u00bb align_tablet=\u00a0\u00bbcenter\u00a0\u00bb align_phone=\u00a0\u00bb\u00a0\u00bb align_last_edited=\u00a0\u00bbon|desktop\u00a0\u00bb _builder_version=\u00a0\u00bb4.16&Prime; module_alignment=\u00a0\u00bbleft\u00a0\u00bb custom_margin=\u00a0\u00bb-57px|16px|22%|-13%\u00a0\u00bb custom_padding=\u00a0\u00bb||0px\u00a0\u00bb global_colors_info=\u00a0\u00bb{}\u00a0\u00bb][\/et_pb_image][et_pb_text module_class=\u00a0\u00bbfelcheinner\u00a0\u00bb _builder_version=\u00a0\u00bb4.17.4&Prime; text_font=\u00a0\u00bb||||||||\u00a0\u00bb header_font=\u00a0\u00bb||||||||\u00a0\u00bb header_2_font=\u00a0\u00bbMontserrat|700|||||||\u00a0\u00bb background_color=\u00a0\u00bb#ACB9CA\u00a0\u00bb custom_margin=\u00a0\u00bb-7%|-15%||6%||\u00a0\u00bb custom_padding=\u00a0\u00bb14%|12%|16%|12%\u00a0\u00bb animation_style=\u00a0\u00bbfade\u00a0\u00bb global_colors_info=\u00a0\u00bb{}\u00a0\u00bb]<\/p>\n<h2 style=\"text-align: right;\"><span style=\"color: #ffffff;\">Nuestros peque\u00f1os extras<\/span><\/h2>\n<p><span style=\"color: #ffffff;\">\u00a0<\/span><\/p>\n<ul class=\"no_bullet\">\n<li class=\"frweblistright\" style=\"text-align: right;\"><span style=\"color: #ffffff;\"><b>Usted sigue siendo el propietario<\/b> su nombre de dominio<\/span><\/li>\n<li class=\"frweblistright\" style=\"text-align: right;\"><span style=\"color: #ffffff;\">Alojamiento en un servidor seguro<\/span><\/li>\n<li class=\"frweblistright\" style=\"text-align: right;\"><span style=\"color: #ffffff;\">Asistencia t\u00e9cnica\u00a0<b><span style=\"text-decoration: underline;\">muy receptivo<\/span>\u00a0<\/b><\/span><\/li>\n<li class=\"frweblistright\" style=\"text-align: right;\"><span style=\"color: #ffffff;\"><strong>F\u00e1cil de usar<\/strong>\u00a1no se requieren conocimientos!<\/span><\/li>\n<li class=\"frweblistright\" style=\"text-align: right;\"><span style=\"color: #ffffff;\"><b>\u00a0consejos de optimizaci\u00f3n <\/b>textos para Google\u00a0<\/span><\/li>\n<li class=\"frweblistright\" style=\"text-align: right;\"><span style=\"color: #ffffff;\">Una base de datos muy fiable y segura<\/span><\/li>\n<\/ul>\n<p>[\/et_pb_text][\/et_pb_column][\/et_pb_row][\/et_pb_section][et_pb_section fb_built=\u00a0\u00bb1&Prime; _builder_version=\u00a0\u00bb4.16&Prime; custom_margin=\u00a0\u00bb||30px|||\u00a0\u00bb custom_padding=\u00a0\u00bb3px|0px|0px|0px|false|false\u00a0\u00bb global_colors_info=\u00a0\u00bb{}\u00a0\u00bb][et_pb_row _builder_version=\u00a0\u00bb4.16&Prime; global_colors_info=\u00a0\u00bb{}\u00a0\u00bb][et_pb_column type=\u00a0\u00bb4_4&Prime; _builder_version=\u00a0\u00bb4.16&Prime; custom_padding=\u00a0\u00bb|||\u00a0\u00bb global_colors_info=\u00a0\u00bb{}\u00a0\u00bb custom_padding__hover=\u00a0\u00bb|||\u00a0\u00bb][et_pb_divider divider_style=\u00a0\u00bbdashed\u00a0\u00bb divider_weight=\u00a0\u00bb1px\u00a0\u00bb _builder_version=\u00a0\u00bb4.16&Prime; background_color=\u00a0\u00bb#ACB9CA\u00a0\u00bb height=\u00a0\u00bb1px\u00a0\u00bb global_colors_info=\u00a0\u00bb{}\u00a0\u00bb][\/et_pb_divider][\/et_pb_column][\/et_pb_row][et_pb_row column_structure=\u00a0\u00bb3_5,2_5&Prime; _builder_version=\u00a0\u00bb4.16&Prime; custom_padding=\u00a0\u00bb27px|0px|0|0px|false|false\u00a0\u00bb global_colors_info=\u00a0\u00bb{}\u00a0\u00bb][et_pb_column type=\u00a0\u00bb3_5&Prime; _builder_version=\u00a0\u00bb4.16&Prime; custom_padding=\u00a0\u00bb|||\u00a0\u00bb global_colors_info=\u00a0\u00bb{}\u00a0\u00bb custom_padding__hover=\u00a0\u00bb|||\u00a0\u00bb][et_pb_text admin_label=\u00a0\u00bbTitle\u00a0\u00bb module_class=\u00a0\u00bbfelchedown\u00a0\u00bb _builder_version=\u00a0\u00bb4.16&Prime; text_font=\u00a0\u00bbMontserrat||||||||\u00a0\u00bb text_text_color=\u00a0\u00bb#747d88&Prime; text_font_size=\u00a0\u00bb16px\u00a0\u00bb text_line_height=\u00a0\u00bb1.9em\u00a0\u00bb header_font=\u00a0\u00bb||||||||\u00a0\u00bb header_text_align=\u00a0\u00bbleft\u00a0\u00bb header_2_font=\u00a0\u00bbMontserrat|700||on|||||\u00a0\u00bb header_2_font_size=\u00a0\u00bb42px\u00a0\u00bb header_2_line_height=\u00a0\u00bb1.3em\u00a0\u00bb background_color=\u00a0\u00bb#f7f7f7&Prime; background_size=\u00a0\u00bbinitial\u00a0\u00bb background_position=\u00a0\u00bbtop_left\u00a0\u00bb background_repeat=\u00a0\u00bbrepeat\u00a0\u00bb max_width=\u00a0\u00bb700px\u00a0\u00bb module_alignment=\u00a0\u00bbleft\u00a0\u00bb custom_margin=\u00a0\u00bb|||\u00a0\u00bb custom_padding=\u00a0\u00bb10%|10%|10%|10%\u00a0\u00bb animation_style=\u00a0\u00bbslide\u00a0\u00bb animation_direction=\u00a0\u00bbbottom\u00a0\u00bb animation_intensity_slide=\u00a0\u00bb4%\u00a0\u00bb animation_starting_opacity=\u00a0\u00bb100%\u00a0\u00bb box_shadow_style=\u00a0\u00bbpreset1&Prime; box_shadow_vertical=\u00a0\u00bb15px\u00a0\u00bb box_shadow_blur=\u00a0\u00bb45px\u00a0\u00bb box_shadow_color=\u00a0\u00bbrgba(0,0,0,0.15)\u00a0\u00bb locked=\u00a0\u00bboff\u00a0\u00bb global_colors_info=\u00a0\u00bb{}\u00a0\u00bb]<\/p>\n<h2><strong>LAS ETAPAS DE LA CREACI\u00d3N DE SU ESCAPARATE\u00a0<\/strong><\/h2>\n<p>La creaci\u00f3n de su sitio web se divide en cuatro fases. Para garantizar su plena satisfacci\u00f3n, necesitamos su aprobaci\u00f3n al final de cada fase.<\/p>\n<p>&nbsp;<br \/>\n[\/et_pb_text][\/et_pb_column][et_pb_column type=\u00a0\u00bb2_5&Prime; _builder_version=\u00a0\u00bb4.16&Prime; custom_padding=\u00a0\u00bb|||\u00a0\u00bb global_colors_info=\u00a0\u00bb{}\u00a0\u00bb custom_padding__hover=\u00a0\u00bb|||\u00a0\u00bb][et_pb_image src=\u00a0\u00bb\/\/www.france-webdesign.com\/wp-content\/uploads\/2018\/12\/services-web-design-380&#215;380.png\u00a0\u00bb align_tablet=\u00a0\u00bbcenter\u00a0\u00bb align_phone=\u00a0\u00bb\u00a0\u00bb align_last_edited=\u00a0\u00bbon|desktop\u00a0\u00bb _builder_version=\u00a0\u00bb4.16&Prime; custom_margin=\u00a0\u00bb5%|||-46%\u00a0\u00bb custom_padding=\u00a0\u00bb0px||\u00a0\u00bb global_colors_info=\u00a0\u00bb{}\u00a0\u00bb][\/et_pb_image][\/et_pb_column][\/et_pb_row][et_pb_row column_structure=\u00a0\u00bb1_2,1_2&Prime; _builder_version=\u00a0\u00bb4.16&Prime; custom_padding=\u00a0\u00bb173px|0px|27px|0px|false|false\u00a0\u00bb global_colors_info=\u00a0\u00bb{}\u00a0\u00bb][et_pb_column type=\u00a0\u00bb1_2&Prime; _builder_version=\u00a0\u00bb4.16&Prime; custom_padding=\u00a0\u00bb|||\u00a0\u00bb global_colors_info=\u00a0\u00bb{}\u00a0\u00bb custom_padding__hover=\u00a0\u00bb|||\u00a0\u00bb][et_pb_text _builder_version=\u00a0\u00bb4.16&Prime; text_font=\u00a0\u00bb||||||||\u00a0\u00bb header_font=\u00a0\u00bbMontserrat||||||||\u00a0\u00bb header_line_height=\u00a0\u00bb1.3em\u00a0\u00bb header_2_font=\u00a0\u00bbMontserrat|900|||||||\u00a0\u00bb custom_margin=\u00a0\u00bb-38px|-43px|10%|-4px\u00a0\u00bb custom_padding=\u00a0\u00bb11%|13%|12%|13%\u00a0\u00bb border_radii=\u00a0\u00bbon|1px|1px|1px|1px\u00a0\u00bb border_width_all=\u00a0\u00bb2px\u00a0\u00bb border_color_all=\u00a0\u00bb#ACB9CA\u00a0\u00bb border_width_top=\u00a0\u00bb1px\u00a0\u00bb border_width_right=\u00a0\u00bb1px\u00a0\u00bb border_width_bottom=\u00a0\u00bb1px\u00a0\u00bb border_width_left=\u00a0\u00bb1px\u00a0\u00bb box_shadow_style=\u00a0\u00bbpreset4&Prime; box_shadow_horizontal=\u00a0\u00bb5px\u00a0\u00bb box_shadow_vertical=\u00a0\u00bb7px\u00a0\u00bb box_shadow_spread=\u00a0\u00bb-2px\u00a0\u00bb box_shadow_color=\u00a0\u00bb#ACB9CA\u00a0\u00bb global_colors_info=\u00a0\u00bb{}\u00a0\u00bb]<\/p>\n<h2 style=\"text-align: left;\"><strong>1 - Recepci\u00f3n del pliego de condiciones<\/strong><\/h2>\n<p>&nbsp;<\/p>\n<p><span style=\"font-size: 14px;\">Durante esta primera etapa de la creaci\u00f3n de su sitio web, recibimos su pliego de condiciones con los elementos que deben integrarse en su sitio web. Los debatimos con usted y los evaluamos en funci\u00f3n de las limitaciones gr\u00e1ficas y t\u00e9cnicas.  Le daremos consejos espec\u00edficos sobre c\u00f3mo promocionar su empresa, ya sea una PYME, un artesano, una profesi\u00f3n liberal o un minorista.\u00a0<\/span><br \/>\n[\/et_pb_text][\/et_pb_column][et_pb_column type=\u00a0\u00bb1_2&Prime; _builder_version=\u00a0\u00bb4.16&Prime; custom_padding=\u00a0\u00bb|||\u00a0\u00bb global_colors_info=\u00a0\u00bb{}\u00a0\u00bb custom_padding__hover=\u00a0\u00bb|||\u00a0\u00bb][et_pb_text module_class=\u00a0\u00bbflechetraviol\u00a0\u00bb _builder_version=\u00a0\u00bb4.17.4&Prime; text_font=\u00a0\u00bb||||||||\u00a0\u00bb text_text_color=\u00a0\u00bb#ffffff\u00a0\u00bb header_font=\u00a0\u00bbMontserrat||||||||\u00a0\u00bb header_text_color=\u00a0\u00bb#ffffff\u00a0\u00bb header_line_height=\u00a0\u00bb1.3em\u00a0\u00bb header_2_font=\u00a0\u00bbMontserrat|900|||||||\u00a0\u00bb header_2_text_color=\u00a0\u00bb#ffffff\u00a0\u00bb background_color=\u00a0\u00bb#ACB9CA\u00a0\u00bb text_orientation=\u00a0\u00bbjustified\u00a0\u00bb custom_margin=\u00a0\u00bb36%|-6px||-10%\u00a0\u00bb custom_padding=\u00a0\u00bb9%|13%|12%|13%\u00a0\u00bb border_radii=\u00a0\u00bbon|1px|1px|1px|1px\u00a0\u00bb border_width_all=\u00a0\u00bb2px\u00a0\u00bb border_color_all=\u00a0\u00bb#ACB9CA\u00a0\u00bb border_width_top=\u00a0\u00bb1px\u00a0\u00bb border_width_right=\u00a0\u00bb1px\u00a0\u00bb border_width_bottom=\u00a0\u00bb1px\u00a0\u00bb border_width_left=\u00a0\u00bb1px\u00a0\u00bb box_shadow_style=\u00a0\u00bbpreset3&Prime; box_shadow_horizontal=\u00a0\u00bb-5px\u00a0\u00bb box_shadow_vertical=\u00a0\u00bb10px\u00a0\u00bb box_shadow_color=\u00a0\u00bb#ACB9CA\u00a0\u00bb global_colors_info=\u00a0\u00bb{}\u00a0\u00bb]<\/p>\n<h2 style=\"text-align: right;\">2 - Creaci\u00f3n del modelo<\/h2>\n<p>&nbsp;<\/p>\n<p>En segundo lugar, una vez reunidos los elementos a integrar y confirmado el pliego de condiciones con usted, creamos una maqueta de sitio web, la base gr\u00e1fica de su futuro escaparate. S\u00f3lo construimos una p\u00e1gina, con contenido de apoyo. El objetivo de la maqueta es dar una primera impresi\u00f3n general de c\u00f3mo podr\u00eda ser el dise\u00f1o del sitio. Una vez creada, podr\u00e1 visualizarla directamente en l\u00ednea a trav\u00e9s de un enlace privado.<br \/>\n[\/et_pb_text][\/et_pb_column][\/et_pb_row][et_pb_row column_structure=\u00a0\u00bb1_2,1_2&Prime; _builder_version=\u00a0\u00bb4.16&Prime; custom_padding=\u00a0\u00bb0|0px|27px|0px|false|false\u00a0\u00bb global_colors_info=\u00a0\u00bb{}\u00a0\u00bb][et_pb_column type=\u00a0\u00bb1_2&Prime; _builder_version=\u00a0\u00bb4.16&Prime; custom_padding=\u00a0\u00bb|||\u00a0\u00bb global_colors_info=\u00a0\u00bb{}\u00a0\u00bb custom_padding__hover=\u00a0\u00bb|||\u00a0\u00bb][et_pb_image src=\u00a0\u00bb\/\/www.france-webdesign.com\/wp-content\/uploads\/2018\/12\/creation-de-maquette-de-site.jpg\u00a0\u00bb align_tablet=\u00a0\u00bbcenter\u00a0\u00bb align_phone=\u00a0\u00bb\u00a0\u00bb align_last_edited=\u00a0\u00bbon|desktop\u00a0\u00bb _builder_version=\u00a0\u00bb4.16&Prime; max_width=\u00a0\u00bb74%\u00a0\u00bb module_alignment=\u00a0\u00bbcenter\u00a0\u00bb custom_margin=\u00a0\u00bb-47%||\u00a0\u00bb filter_brightness=\u00a0\u00bb117%\u00a0\u00bb filter_contrast=\u00a0\u00bb101%\u00a0\u00bb global_colors_info=\u00a0\u00bb{}\u00a0\u00bb][\/et_pb_image][et_pb_text _builder_version=\u00a0\u00bb4.16&Prime; text_font=\u00a0\u00bb||||||||\u00a0\u00bb header_font=\u00a0\u00bbMontserrat||||||||\u00a0\u00bb header_line_height=\u00a0\u00bb1.3em\u00a0\u00bb header_2_font=\u00a0\u00bbMontserrat|900|||||||\u00a0\u00bb custom_margin=\u00a0\u00bb38px|-43px|10%|-4px\u00a0\u00bb custom_padding=\u00a0\u00bb11%|13%|12%|13%\u00a0\u00bb border_radii=\u00a0\u00bbon|1px|1px|1px|1px\u00a0\u00bb border_width_all=\u00a0\u00bb2px\u00a0\u00bb border_color_all=\u00a0\u00bb#ACB9CA\u00a0\u00bb border_width_top=\u00a0\u00bb1px\u00a0\u00bb border_width_right=\u00a0\u00bb1px\u00a0\u00bb border_width_bottom=\u00a0\u00bb1px\u00a0\u00bb border_width_left=\u00a0\u00bb1px\u00a0\u00bb box_shadow_style=\u00a0\u00bbpreset3&Prime; box_shadow_horizontal=\u00a0\u00bb-10px\u00a0\u00bb box_shadow_color=\u00a0\u00bb#ACB9CA\u00a0\u00bb global_colors_info=\u00a0\u00bb{}\u00a0\u00bb]<\/p>\n<h2 style=\"text-align: left;\"><strong>3 - Desarrollo del sitio web<\/strong><\/h2>\n<p>&nbsp;<\/p>\n<p style=\"text-align: justify;\">Una vez aprobada la maqueta y hechas las correcciones pertinentes, empezamos a desarrollar el resto de las p\u00e1ginas. Se optimizan y maquetan las fotos y los textos, y se integran los textos y los widgets.<\/p>\n<p style=\"text-align: justify;\">Puede seguir el desarrollo del sitio web en cualquier momento a trav\u00e9s de la URL privada proporcionada, y nos pondremos en contacto con usted regularmente para validar cada etapa de la integraci\u00f3n.<\/p>\n<p>[\/et_pb_text][et_pb_image src=\u00a0\u00bb\/\/www.france-webdesign.com\/wp-content\/uploads\/2019\/02\/progress-2888787_1280-copy.png\u00a0\u00bb show_bottom_space=\u00a0\u00bboff\u00a0\u00bb align_tablet=\u00a0\u00bbcenter\u00a0\u00bb align_phone=\u00a0\u00bb\u00a0\u00bb align_last_edited=\u00a0\u00bbon|desktop\u00a0\u00bb _builder_version=\u00a0\u00bb4.16&Prime; custom_margin=\u00a0\u00bb140px|59px||-40px\u00a0\u00bb custom_padding=\u00a0\u00bb|||36px\u00a0\u00bb global_colors_info=\u00a0\u00bb{}\u00a0\u00bb][\/et_pb_image][\/et_pb_column][et_pb_column type=\u00a0\u00bb1_2&Prime; _builder_version=\u00a0\u00bb4.16&Prime; custom_padding=\u00a0\u00bb|||\u00a0\u00bb global_colors_info=\u00a0\u00bb{}\u00a0\u00bb custom_padding__hover=\u00a0\u00bb|||\u00a0\u00bb][et_pb_image src=\u00a0\u00bb\/\/www.france-webdesign.com\/wp-content\/uploads\/2018\/12\/feedback-2800867_1280.png\u00a0\u00bb align=\u00a0\u00bbcenter\u00a0\u00bb align_tablet=\u00a0\u00bbcenter\u00a0\u00bb align_phone=\u00a0\u00bb\u00a0\u00bb align_last_edited=\u00a0\u00bbon|desktop\u00a0\u00bb _builder_version=\u00a0\u00bb4.16&Prime; max_width=\u00a0\u00bb71%\u00a0\u00bb custom_margin=\u00a0\u00bb36px||\u00a0\u00bb global_colors_info=\u00a0\u00bb{}\u00a0\u00bb][\/et_pb_image][et_pb_text _builder_version=\u00a0\u00bb4.17.4&Prime; text_font=\u00a0\u00bb||||||||\u00a0\u00bb text_text_color=\u00a0\u00bb#ffffff\u00a0\u00bb header_font=\u00a0\u00bbMontserrat||||||||\u00a0\u00bb header_text_color=\u00a0\u00bb#ffffff\u00a0\u00bb header_line_height=\u00a0\u00bb1.3em\u00a0\u00bb header_2_font=\u00a0\u00bbMontserrat|900|||||||\u00a0\u00bb header_2_text_color=\u00a0\u00bb#ffffff\u00a0\u00bb background_color=\u00a0\u00bb#ACB9CA\u00a0\u00bb text_orientation=\u00a0\u00bbjustified\u00a0\u00bb custom_margin=\u00a0\u00bb-30px|-6px||-10%\u00a0\u00bb custom_padding=\u00a0\u00bb9%|13%|12%|13%\u00a0\u00bb border_radii=\u00a0\u00bbon|1px|1px|1px|1px\u00a0\u00bb border_width_all=\u00a0\u00bb2px\u00a0\u00bb border_color_all=\u00a0\u00bb#ACB9CA\u00a0\u00bb border_width_top=\u00a0\u00bb1px\u00a0\u00bb border_width_right=\u00a0\u00bb1px\u00a0\u00bb border_width_bottom=\u00a0\u00bb1px\u00a0\u00bb border_width_left=\u00a0\u00bb1px\u00a0\u00bb box_shadow_style=\u00a0\u00bbpreset3&Prime; box_shadow_horizontal=\u00a0\u00bb-5px\u00a0\u00bb box_shadow_vertical=\u00a0\u00bb10px\u00a0\u00bb box_shadow_color=\u00a0\u00bb#ACB9CA\u00a0\u00bb global_colors_info=\u00a0\u00bb{}\u00a0\u00bb]<\/p>\n<h2 style=\"text-align: right;\">4 - Entrega, formaci\u00f3n y seguimiento<\/h2>\n<p>Una vez validado, el sitio se pone en l\u00ednea en el dominio de su elecci\u00f3n. A continuaci\u00f3n, se le ense\u00f1a a utilizar la interfaz de usuario para que pueda modificar el contenido usted mismo si lo desea.<\/p>\n<p>Con mucha frecuencia, nuestros clientes PYMES, artesanos, aut\u00f3nomos y minoristas optan por confiarnos la gesti\u00f3n y renovaci\u00f3n de su dominio y alojamiento. De este modo, usted se beneficia de un servidor seguro de alta disponibilidad, as\u00ed como de copias de seguridad diarias. Tambi\u00e9n se beneficia de una garant\u00eda en caso de error de interfaz por su parte.<\/p>\n<ul>\n<li>Mantenimiento y asistencia t\u00e9cnica de gran capacidad de respuesta por tel\u00e9fono o correo electr\u00f3nico, en forma de tickets horarios o suscripciones.<\/li>\n<li>Optimizaci\u00f3n de motores de b\u00fasqueda \/ creaci\u00f3n de enlaces<\/li>\n<li>Fotograf\u00eda profesional<\/li>\n<\/ul>\n<p>&nbsp;<br \/>\n[\/et_pb_text][\/et_pb_column][\/et_pb_row][\/et_pb_section][et_pb_section fb_built=\u00a0\u00bb1&Prime; admin_label=\u00a0\u00bbFooter\u00a0\u00bb module_id=\u00a0\u00bbcontact\u00a0\u00bb _builder_version=\u00a0\u00bb4.20.0&Prime; background_color=\u00a0\u00bbrgba(255,255,255,0.75)\u00a0\u00bb background_image=\u00a0\u00bbhttps:\/\/www.france-webdesign.com\/wp-content\/uploads\/2022\/07\/279jjkbz3wa.jpg\u00a0\u00bb background_blend=\u00a0\u00bboverlay\u00a0\u00bb background_video_pause_outside_viewport=\u00a0\u00bboff\u00a0\u00bb custom_margin=\u00a0\u00bb||-59px|||\u00a0\u00bb custom_padding=\u00a0\u00bb60px||60px||true|\u00a0\u00bb global_module=\u00a0\u00bb2009&Prime; saved_tabs=\u00a0\u00bball\u00a0\u00bb global_colors_info=\u00a0\u00bb{}\u00a0\u00bb][et_pb_row column_structure=\u00a0\u00bb3_5,2_5&Prime; use_custom_gutter=\u00a0\u00bbon\u00a0\u00bb gutter_width=\u00a0\u00bb2&Prime; make_equal=\u00a0\u00bbon\u00a0\u00bb _builder_version=\u00a0\u00bb4.20.0&Prime; background_size=\u00a0\u00bbinitial\u00a0\u00bb background_position=\u00a0\u00bbtop_left\u00a0\u00bb background_repeat=\u00a0\u00bbrepeat\u00a0\u00bb width=\u00a0\u00bb100%\u00a0\u00bb custom_margin=\u00a0\u00bb||||false|true\u00a0\u00bb custom_padding=\u00a0\u00bb||||false|false\u00a0\u00bb global_colors_info=\u00a0\u00bb{}\u00a0\u00bb][et_pb_column type=\u00a0\u00bb3_5&Prime; _builder_version=\u00a0\u00bb4.16&Prime; background_color=\u00a0\u00bbrgba(255,255,255,0.6)\u00a0\u00bb background_position=\u00a0\u00bbtop_left\u00a0\u00bb custom_padding=\u00a0\u00bb50px|40px|50px|40px\u00a0\u00bb global_colors_info=\u00a0\u00bb{}\u00a0\u00bb custom_padding__hover=\u00a0\u00bb|||\u00a0\u00bb][et_pb_text admin_label=\u00a0\u00bbTitle\u00a0\u00bb _builder_version=\u00a0\u00bb4.17.4&Prime; text_font=\u00a0\u00bbMontserrat||||||||\u00a0\u00bb text_text_color=\u00a0\u00bb#747d88&Prime; text_font_size=\u00a0\u00bb16px\u00a0\u00bb text_line_height=\u00a0\u00bb1.9em\u00a0\u00bb header_font=\u00a0\u00bb||||||||\u00a0\u00bb header_2_font=\u00a0\u00bbMontserrat|700||on|||||\u00a0\u00bb header_2_font_size=\u00a0\u00bb42px\u00a0\u00bb header_2_line_height=\u00a0\u00bb1.3em\u00a0\u00bb header_3_font=\u00a0\u00bbMontserrat|700||on|||||\u00a0\u00bb background_size=\u00a0\u00bbinitial\u00a0\u00bb background_position=\u00a0\u00bbtop_left\u00a0\u00bb background_repeat=\u00a0\u00bbrepeat\u00a0\u00bb text_orientation=\u00a0\u00bbcenter\u00a0\u00bb max_width=\u00a0\u00bb700px\u00a0\u00bb module_alignment=\u00a0\u00bbcenter\u00a0\u00bb custom_margin=\u00a0\u00bb||9px|||\u00a0\u00bb animation_style=\u00a0\u00bbslide\u00a0\u00bb animation_direction=\u00a0\u00bbbottom\u00a0\u00bb animation_intensity_slide=\u00a0\u00bb4%\u00a0\u00bb global_colors_info=\u00a0\u00bb{}\u00a0\u00bb]<\/p>\n<h3>Hablemos de su proyecto web<\/h3>\n<p>[\/et_pb_text][et_pb_text admin_label=\"Subt\u00edtulo \" _builder_version=\"4.17.4\u2033 text_font=\"Montserrat|||| \" text_text_color=\"#353740\u2033 text_font_size=\"16px \" text_line_height=\"1.8em \" header_font=\"|||||||| \" background_size=\"initial \" background_position=\"top_left \" background_repeat=\"repeat \" text_orientation=\"center \" max_width=\"700px \" module_alignment=\"center \" custom_margin=\"||25px|| \" animation_style=\"slide \" animation_direction=\"bottom \" animation_delay=\"100ms \" animation_intensity_slide=\"4% \" global_colors_info=\"{}\"]<\/p>\n<p>Contacte con un experto digital<\/p>\n<p>[\/et_pb_text][et_pb_text _builder_version=\"4.16\u2033 custom_margin=\"|0px||0px|false|true \" global_colors_info=\"{} \"]<\/p>\n<p style=\"text-align: center;\">[contact-form-7 id=\"1213\u2033 title=\"Formulario de contacto 1\u2033]<\/p>\n<p>[\/et_pb_text][\/et_pb_column][et_pb_column type=\u00a0\u00bb2_5&Prime; _builder_version=\u00a0\u00bb4.16&Prime; background_color=\u00a0\u00bbrgba(255,255,255,0.61)\u00a0\u00bb background_position=\u00a0\u00bbtop_left\u00a0\u00bb custom_padding=\u00a0\u00bb50px|20px|50px|20px|false|true\u00a0\u00bb global_colors_info=\u00a0\u00bb{}\u00a0\u00bb custom_padding__hover=\u00a0\u00bb|||\u00a0\u00bb][et_pb_image src=\u00a0\u00bbhttps:\/\/www.france-webdesign.com\/wp-content\/uploads\/2020\/09\/logo-france-webdesign-GRIS.png\u00a0\u00bb title_text=\u00a0\u00bblogo france webdesign GRIS\u00a0\u00bb _builder_version=\u00a0\u00bb4.20.0&Prime; _module_preset=\u00a0\u00bbdefault\u00a0\u00bb width=\u00a0\u00bb46%\u00a0\u00bb custom_margin=\u00a0\u00bb-10px||||false|false\u00a0\u00bb global_colors_info=\u00a0\u00bb{}\u00a0\u00bb][\/et_pb_image][et_pb_code _builder_version=\u00a0\u00bb4.16&Prime; _module_preset=\u00a0\u00bbdefault\u00a0\u00bb custom_margin=\u00a0\u00bb-11px|||||\u00a0\u00bb global_colors_info=\u00a0\u00bb{}\u00a0\u00bb][reviews_rating more=\u00a0\u00bbTout lire\u00a0\u00bb][\/et_pb_code][\/et_pb_column][\/et_pb_row][\/et_pb_section]<\/p>","protected":false},"excerpt":{"rendered":"<p>sitio escaparate para pymes: Profesionales liberales, artesanos y comerciantes La oferta escaparate de France Web-Design permite a los artesanos, profesionales liberales y comerciantes disponer de visibilidad en la web a bajo coste. EL PACK SITIO ESCAPARATE \u00a0 Elecci\u00f3n del dise\u00f1o gr\u00e1fico Pedido del nombre de dominio Sitio responsive en HTML5 Hasta 5 p\u00e1ginas de presentaci\u00f3n y contacto [\u2026]<\/p>","protected":false},"author":1,"featured_media":0,"parent":0,"menu_order":0,"comment_status":"closed","ping_status":"closed","template":"","meta":{"_et_pb_use_builder":"on","_et_pb_old_content":"","_et_gb_content_width":"","footnotes":""},"class_list":["post-250","page","type-page","status-publish","hentry"],"yoast_head":"<!-- This site is optimized with the Yoast SEO plugin v27.4 - https:\/\/yoast.com\/product\/yoast-seo-wordpress\/ -->\n<title>Cr\u00e9ation de site vitrine - France Web Design<\/title>\n<meta name=\"description\" content=\"Agence Web design, Cr\u00e9ation de site vitrine pour entreprises, r\u00e9f\u00e9rencement et optimisation aux moteurs de recherche. Agence web\" \/>\n<meta name=\"robots\" content=\"index, follow, max-snippet:-1, max-image-preview:large, max-video-preview:-1\" \/>\n<link rel=\"canonical\" href=\"https:\/\/www.france-webdesign.com\/es\/creacion-sitio-vitrina-artesano-liberal\" \/>\n<meta property=\"og:locale\" content=\"es_ES\" \/>\n<meta property=\"og:type\" content=\"article\" \/>\n<meta property=\"og:title\" content=\"Cr\u00e9ation de site vitrine - France Web Design\" \/>\n<meta property=\"og:description\" content=\"Agence Web design, Cr\u00e9ation de site vitrine pour entreprises, r\u00e9f\u00e9rencement et optimisation aux moteurs de recherche. Agence web\" \/>\n<meta property=\"og:url\" content=\"https:\/\/www.france-webdesign.com\/es\/creacion-sitio-vitrina-artesano-liberal\" \/>\n<meta property=\"og:site_name\" content=\"Cr\u00e9ation de sites pour PME, artisans et lib\u00e9raux\" \/>\n<meta property=\"article:modified_time\" content=\"2023-03-02T13:20:11+00:00\" \/>\n<meta name=\"twitter:card\" content=\"summary_large_image\" \/>\n<meta name=\"twitter:label1\" content=\"Tiempo de lectura\" \/>\n\t<meta name=\"twitter:data1\" content=\"6 minutos\" \/>\n<script type=\"application\/ld+json\" class=\"yoast-schema-graph\">{\"@context\":\"https:\\\/\\\/schema.org\",\"@graph\":[{\"@type\":\"WebPage\",\"@id\":\"https:\\\/\\\/www.france-webdesign.com\\\/es\\\/creacion-sitio-vitrina-artesano-liberal\",\"url\":\"https:\\\/\\\/www.france-webdesign.com\\\/es\\\/creacion-sitio-vitrina-artesano-liberal\",\"name\":\"Cr\u00e9ation de site vitrine - France Web Design\",\"isPartOf\":{\"@id\":\"https:\\\/\\\/www.france-webdesign.com\\\/es\\\/#website\"},\"datePublished\":\"2018-12-13T10:41:47+00:00\",\"dateModified\":\"2023-03-02T13:20:11+00:00\",\"description\":\"Agence Web design, Cr\u00e9ation de site vitrine pour entreprises, r\u00e9f\u00e9rencement et optimisation aux moteurs de recherche. Agence web\",\"breadcrumb\":{\"@id\":\"https:\\\/\\\/www.france-webdesign.com\\\/es\\\/creacion-sitio-vitrina-artesano-liberal#breadcrumb\"},\"inLanguage\":\"es\",\"potentialAction\":[{\"@type\":\"ReadAction\",\"target\":[\"https:\\\/\\\/www.france-webdesign.com\\\/es\\\/creacion-sitio-vitrina-artesano-liberal\"]}]},{\"@type\":\"BreadcrumbList\",\"@id\":\"https:\\\/\\\/www.france-webdesign.com\\\/es\\\/creacion-sitio-vitrina-artesano-liberal#breadcrumb\",\"itemListElement\":[{\"@type\":\"ListItem\",\"position\":1,\"name\":\"Accueil\",\"item\":\"https:\\\/\\\/www.france-webdesign.com\\\/\"},{\"@type\":\"ListItem\",\"position\":2,\"name\":\"Cr\u00e9ation de site vitrine\"}]},{\"@type\":\"WebSite\",\"@id\":\"https:\\\/\\\/www.france-webdesign.com\\\/es\\\/#website\",\"url\":\"https:\\\/\\\/www.france-webdesign.com\\\/es\\\/\",\"name\":\"Cr\u00e9ation de sites pour PME, artisans et lib\u00e9raux\",\"description\":\"France Web Design\",\"publisher\":{\"@id\":\"https:\\\/\\\/www.france-webdesign.com\\\/es\\\/#organization\"},\"potentialAction\":[{\"@type\":\"SearchAction\",\"target\":{\"@type\":\"EntryPoint\",\"urlTemplate\":\"https:\\\/\\\/www.france-webdesign.com\\\/es\\\/?s={search_term_string}\"},\"query-input\":{\"@type\":\"PropertyValueSpecification\",\"valueRequired\":true,\"valueName\":\"search_term_string\"}}],\"inLanguage\":\"es\"},{\"@type\":\"Organization\",\"@id\":\"https:\\\/\\\/www.france-webdesign.com\\\/es\\\/#organization\",\"name\":\"Cr\u00e9ation de sites pour entreprises et professionnels\",\"url\":\"https:\\\/\\\/www.france-webdesign.com\\\/es\\\/\",\"logo\":{\"@type\":\"ImageObject\",\"inLanguage\":\"es\",\"@id\":\"https:\\\/\\\/www.france-webdesign.com\\\/es\\\/#\\\/schema\\\/logo\\\/image\\\/\",\"url\":\"https:\\\/\\\/www.france-webdesign.com\\\/wp-content\\\/uploads\\\/2018\\\/12\\\/france-webdesign-logo.png\",\"contentUrl\":\"https:\\\/\\\/www.france-webdesign.com\\\/wp-content\\\/uploads\\\/2018\\\/12\\\/france-webdesign-logo.png\",\"width\":442,\"height\":127,\"caption\":\"Cr\u00e9ation de sites pour entreprises et professionnels\"},\"image\":{\"@id\":\"https:\\\/\\\/www.france-webdesign.com\\\/es\\\/#\\\/schema\\\/logo\\\/image\\\/\"}}]}<\/script>\n<!-- \/ Yoast SEO plugin. -->","yoast_head_json":{"title":"Cr\u00e9ation de site vitrine - France Web Design","description":"Agence Web design, Cr\u00e9ation de site vitrine pour entreprises, r\u00e9f\u00e9rencement et optimisation aux moteurs de recherche. Agence web","robots":{"index":"index","follow":"follow","max-snippet":"max-snippet:-1","max-image-preview":"max-image-preview:large","max-video-preview":"max-video-preview:-1"},"canonical":"https:\/\/www.france-webdesign.com\/es\/creacion-sitio-vitrina-artesano-liberal","og_locale":"es_ES","og_type":"article","og_title":"Cr\u00e9ation de site vitrine - France Web Design","og_description":"Agence Web design, Cr\u00e9ation de site vitrine pour entreprises, r\u00e9f\u00e9rencement et optimisation aux moteurs de recherche. Agence web","og_url":"https:\/\/www.france-webdesign.com\/es\/creacion-sitio-vitrina-artesano-liberal","og_site_name":"Cr\u00e9ation de sites pour PME, artisans et lib\u00e9raux","article_modified_time":"2023-03-02T13:20:11+00:00","twitter_card":"summary_large_image","twitter_misc":{"Tiempo de lectura":"6 minutos"},"schema":{"@context":"https:\/\/schema.org","@graph":[{"@type":"WebPage","@id":"https:\/\/www.france-webdesign.com\/es\/creacion-sitio-vitrina-artesano-liberal","url":"https:\/\/www.france-webdesign.com\/es\/creacion-sitio-vitrina-artesano-liberal","name":"Cr\u00e9ation de site vitrine - France Web Design","isPartOf":{"@id":"https:\/\/www.france-webdesign.com\/es\/#website"},"datePublished":"2018-12-13T10:41:47+00:00","dateModified":"2023-03-02T13:20:11+00:00","description":"Agence Web design, Cr\u00e9ation de site vitrine pour entreprises, r\u00e9f\u00e9rencement et optimisation aux moteurs de recherche. Agence web","breadcrumb":{"@id":"https:\/\/www.france-webdesign.com\/es\/creacion-sitio-vitrina-artesano-liberal#breadcrumb"},"inLanguage":"es","potentialAction":[{"@type":"ReadAction","target":["https:\/\/www.france-webdesign.com\/es\/creacion-sitio-vitrina-artesano-liberal"]}]},{"@type":"BreadcrumbList","@id":"https:\/\/www.france-webdesign.com\/es\/creacion-sitio-vitrina-artesano-liberal#breadcrumb","itemListElement":[{"@type":"ListItem","position":1,"name":"Accueil","item":"https:\/\/www.france-webdesign.com\/"},{"@type":"ListItem","position":2,"name":"Cr\u00e9ation de site vitrine"}]},{"@type":"WebSite","@id":"https:\/\/www.france-webdesign.com\/es\/#website","url":"https:\/\/www.france-webdesign.com\/es\/","name":"Cr\u00e9ation de sites pour PME, artisans et lib\u00e9raux","description":"France Web Design","publisher":{"@id":"https:\/\/www.france-webdesign.com\/es\/#organization"},"potentialAction":[{"@type":"SearchAction","target":{"@type":"EntryPoint","urlTemplate":"https:\/\/www.france-webdesign.com\/es\/?s={search_term_string}"},"query-input":{"@type":"PropertyValueSpecification","valueRequired":true,"valueName":"search_term_string"}}],"inLanguage":"es"},{"@type":"Organization","@id":"https:\/\/www.france-webdesign.com\/es\/#organization","name":"Cr\u00e9ation de sites pour entreprises et professionnels","url":"https:\/\/www.france-webdesign.com\/es\/","logo":{"@type":"ImageObject","inLanguage":"es","@id":"https:\/\/www.france-webdesign.com\/es\/#\/schema\/logo\/image\/","url":"https:\/\/www.france-webdesign.com\/wp-content\/uploads\/2018\/12\/france-webdesign-logo.png","contentUrl":"https:\/\/www.france-webdesign.com\/wp-content\/uploads\/2018\/12\/france-webdesign-logo.png","width":442,"height":127,"caption":"Cr\u00e9ation de sites pour entreprises et professionnels"},"image":{"@id":"https:\/\/www.france-webdesign.com\/es\/#\/schema\/logo\/image\/"}}]}},"_links":{"self":[{"href":"https:\/\/www.france-webdesign.com\/es\/wp-json\/wp\/v2\/pages\/250","targetHints":{"allow":["GET"]}}],"collection":[{"href":"https:\/\/www.france-webdesign.com\/es\/wp-json\/wp\/v2\/pages"}],"about":[{"href":"https:\/\/www.france-webdesign.com\/es\/wp-json\/wp\/v2\/types\/page"}],"author":[{"embeddable":true,"href":"https:\/\/www.france-webdesign.com\/es\/wp-json\/wp\/v2\/users\/1"}],"replies":[{"embeddable":true,"href":"https:\/\/www.france-webdesign.com\/es\/wp-json\/wp\/v2\/comments?post=250"}],"version-history":[{"count":0,"href":"https:\/\/www.france-webdesign.com\/es\/wp-json\/wp\/v2\/pages\/250\/revisions"}],"wp:attachment":[{"href":"https:\/\/www.france-webdesign.com\/es\/wp-json\/wp\/v2\/media?parent=250"}],"curies":[{"name":"wp","href":"https:\/\/api.w.org\/{rel}","templated":true}]}}