{"id":484,"date":"2018-12-19T15:16:43","date_gmt":"2018-12-19T14:16:43","guid":{"rendered":"https:\/\/www.france-webdesign.com\/?page_id=484"},"modified":"2025-07-21T11:28:55","modified_gmt":"2025-07-21T09:28:55","slug":"portfolio","status":"publish","type":"page","link":"https:\/\/www.france-webdesign.com\/es\/cartera","title":{"rendered":"Cartera"},"content":{"rendered":"<p>[et_pb_section fb_built=\u00a0\u00bb1&Prime; admin_label=\u00a0\u00bbAbout Us Section\u00a0\u00bb _builder_version=\u00a0\u00bb4.16&Prime; background_image=\u00a0\u00bb\/\/www.france-webdesign.com\/wp-content\/uploads\/2018\/12\/maquette-site-vitrine.jpg\u00a0\u00bb custom_margin=\u00a0\u00bb|5%||5%\u00a0\u00bb custom_margin_tablet=\u00a0\u00bb\u00a0\u00bb custom_margin_phone=\u00a0\u00bb|0px||0px\u00a0\u00bb custom_margin_last_edited=\u00a0\u00bbon|phone\u00a0\u00bb custom_padding=\u00a0\u00bb2.8%||||false|false\u00a0\u00bb animation_style=\u00a0\u00bbzoom\u00a0\u00bb animation_direction=\u00a0\u00bbtop\u00a0\u00bb animation_intensity_zoom=\u00a0\u00bb5%\u00a0\u00bb box_shadow_style=\u00a0\u00bbpreset7&Prime; box_shadow_horizontal=\u00a0\u00bb0px\u00a0\u00bb box_shadow_vertical=\u00a0\u00bb-200px\u00a0\u00bb box_shadow_color=\u00a0\u00bb#ffffff\u00a0\u00bb global_colors_info=\u00a0\u00bb{}\u00a0\u00bb][et_pb_row column_structure=\u00a0\u00bb2_3,1_3&Prime; admin_label=\u00a0\u00bbAbout Us Area\u00a0\u00bb _builder_version=\u00a0\u00bb4.16&Prime; background_size=\u00a0\u00bbinitial\u00a0\u00bb background_position=\u00a0\u00bbtop_left\u00a0\u00bb background_repeat=\u00a0\u00bbrepeat\u00a0\u00bb custom_padding=\u00a0\u00bb133px|0px|0px|0px|false|false\u00a0\u00bb global_colors_info=\u00a0\u00bb{}\u00a0\u00bb][et_pb_column type=\u00a0\u00bb2_3&Prime; _builder_version=\u00a0\u00bb4.16&Prime; custom_padding=\u00a0\u00bb|||\u00a0\u00bb global_colors_info=\u00a0\u00bb{}\u00a0\u00bb custom_padding__hover=\u00a0\u00bb|||\u00a0\u00bb][et_pb_text admin_label=\u00a0\u00bbTitle\u00a0\u00bb _builder_version=\u00a0\u00bb4.16&Prime; text_font=\u00a0\u00bbMontserrat||||||||\u00a0\u00bb text_text_color=\u00a0\u00bb#747d88&Prime; text_font_size=\u00a0\u00bb16px\u00a0\u00bb text_line_height=\u00a0\u00bb1.9em\u00a0\u00bb header_font=\u00a0\u00bb||||||||\u00a0\u00bb header_text_align=\u00a0\u00bbleft\u00a0\u00bb header_2_font=\u00a0\u00bbMontserrat|700||on|||||\u00a0\u00bb header_2_font_size=\u00a0\u00bb42px\u00a0\u00bb header_2_line_height=\u00a0\u00bb1.3em\u00a0\u00bb background_color=\u00a0\u00bb#f7f7f7&Prime; background_size=\u00a0\u00bbinitial\u00a0\u00bb background_position=\u00a0\u00bbtop_left\u00a0\u00bb background_repeat=\u00a0\u00bbrepeat\u00a0\u00bb max_width=\u00a0\u00bb700px\u00a0\u00bb module_alignment=\u00a0\u00bbleft\u00a0\u00bb custom_margin=\u00a0\u00bb|||\u00a0\u00bb custom_padding=\u00a0\u00bb10%|10%|10%|10%\u00a0\u00bb animation_style=\u00a0\u00bbslide\u00a0\u00bb animation_direction=\u00a0\u00bbbottom\u00a0\u00bb animation_intensity_slide=\u00a0\u00bb4%\u00a0\u00bb animation_starting_opacity=\u00a0\u00bb100%\u00a0\u00bb box_shadow_style=\u00a0\u00bbpreset1&Prime; box_shadow_vertical=\u00a0\u00bb15px\u00a0\u00bb box_shadow_blur=\u00a0\u00bb45px\u00a0\u00bb box_shadow_color=\u00a0\u00bbrgba(0,0,0,0.15)\u00a0\u00bb locked=\u00a0\u00bboff\u00a0\u00bb global_colors_info=\u00a0\u00bb{}\u00a0\u00bb]<\/p>\n<h2>Cartera<\/h2>\n<p>Una peque\u00f1a selecci\u00f3n de nuestros \u00faltimos <strong>dise\u00f1o web<\/strong> e identidad visual para empresas y aut\u00f3nomos<span style=\"font-size: 16px;\">\u00a0<\/span><\/p>\n<p>[\/et_pb_text][\/et_pb_column][et_pb_column type=\u00a0\u00bb1_3&Prime; _builder_version=\u00a0\u00bb4.16&Prime; custom_padding=\u00a0\u00bb|||\u00a0\u00bb global_colors_info=\u00a0\u00bb{}\u00a0\u00bb custom_padding__hover=\u00a0\u00bb|||\u00a0\u00bb][\/et_pb_column][\/et_pb_row][\/et_pb_section][et_pb_section fb_built=\u00a0\u00bb1&Prime; admin_label=\u00a0\u00bbProjects\u00a0\u00bb module_id=\u00a0\u00bbimgsportfolio\u00a0\u00bb _builder_version=\u00a0\u00bb4.23.1&Prime; custom_padding=\u00a0\u00bb0||90px||false|false\u00a0\u00bb global_colors_info=\u00a0\u00bb{}\u00a0\u00bb][et_pb_row column_structure=\u00a0\u00bb1_2,1_2&Prime; _builder_version=\u00a0\u00bb4.16&Prime; background_size=\u00a0\u00bbinitial\u00a0\u00bb background_position=\u00a0\u00bbtop_left\u00a0\u00bb background_repeat=\u00a0\u00bbrepeat\u00a0\u00bb custom_padding=\u00a0\u00bb45px|||\u00a0\u00bb locked=\u00a0\u00bboff\u00a0\u00bb global_colors_info=\u00a0\u00bb{}\u00a0\u00bb][et_pb_column type=\u00a0\u00bb1_2&Prime; _builder_version=\u00a0\u00bb4.16&Prime; custom_padding=\u00a0\u00bb|||\u00a0\u00bb global_colors_info=\u00a0\u00bb{}\u00a0\u00bb custom_padding__hover=\u00a0\u00bb|||\u00a0\u00bb][et_pb_blurb title=\u00a0\u00bbCabinet Weissdental\u00a0\u00bb url=\u00a0\u00bbhttps:\/\/cabinet-weissdental.ch\/\u00a0\u00bb url_new_window=\u00a0\u00bbon\u00a0\u00bb image=\u00a0\u00bbhttps:\/\/www.france-webdesign.com\/wp-content\/uploads\/2025\/06\/creation-site-dentiste.jpg\u00a0\u00bb alt=\u00a0\u00bbfrance web design\u00a0\u00bb admin_label=\u00a0\u00bbProject\u00a0\u00bb module_class=\u00a0\u00bbportfoliofr\u00a0\u00bb _builder_version=\u00a0\u00bb4.27.4&Prime; header_font=\u00a0\u00bbMontserrat||||\u00a0\u00bb header_font_size=\u00a0\u00bb24px\u00a0\u00bb header_line_height=\u00a0\u00bb1.3em\u00a0\u00bb body_font=\u00a0\u00bb||||||||\u00a0\u00bb body_font_size=\u00a0\u00bb16px\u00a0\u00bb body_line_height=\u00a0\u00bb1.8em\u00a0\u00bb background_size=\u00a0\u00bbinitial\u00a0\u00bb background_position=\u00a0\u00bbtop_left\u00a0\u00bb background_repeat=\u00a0\u00bbrepeat\u00a0\u00bb custom_margin=\u00a0\u00bb|0px||\u00a0\u00bb animation_style=\u00a0\u00bbfold\u00a0\u00bb animation_direction=\u00a0\u00bbbottom\u00a0\u00bb animation_intensity_fold=\u00a0\u00bb10%\u00a0\u00bb link_option_url=\u00a0\u00bbhttps:\/\/cabinet-weissdental.ch\/\u00a0\u00bb link_option_url_new_window=\u00a0\u00bbon\u00a0\u00bb global_colors_info=\u00a0\u00bb{}\u00a0\u00bb]<\/p>\n<p style=\"text-align: left;\"><b><i>Dentista en Orbe, Suiza<\/i><\/b><\/p>\n<p style=\"text-align: left;\"><em><\/em><\/p>\n<ul class=\"no_bullet\">\n<li class=\"checkedmark\" style=\"text-align: left;\">Mantenimiento del alojamiento<\/li>\n<li class=\"checkedmark\" style=\"text-align: left;\">Identidad visual<\/li>\n<li class=\"checkedmark\" style=\"text-align: left;\">P\u00f3ngase en contacto con<\/li>\n<\/ul>\n<p>[\/et_pb_blurb][\/et_pb_column][et_pb_column type=\u00a0\u00bb1_2&Prime; _builder_version=\u00a0\u00bb4.16&Prime; custom_padding=\u00a0\u00bb|||\u00a0\u00bb global_colors_info=\u00a0\u00bb{}\u00a0\u00bb custom_padding__hover=\u00a0\u00bb|||\u00a0\u00bb][et_pb_blurb title=\u00a0\u00bbCabinet Dentaire Cap Periaz\u00a0\u00bb url=\u00a0\u00bbhttps:\/\/cabinetdentaire-capperiaz.fr\/\u00a0\u00bb url_new_window=\u00a0\u00bbon\u00a0\u00bb image=\u00a0\u00bbhttps:\/\/www.france-webdesign.com\/wp-content\/uploads\/2025\/06\/creation-site-chirurgien-dentiste.jpg\u00a0\u00bb image_icon_width=\u00a0\u00bb95%\u00a0\u00bb content_max_width=\u00a0\u00bb483px\u00a0\u00bb admin_label=\u00a0\u00bbProject\u00a0\u00bb _builder_version=\u00a0\u00bb4.27.4&Prime; header_font=\u00a0\u00bbMontserrat||||\u00a0\u00bb header_font_size=\u00a0\u00bb24px\u00a0\u00bb header_line_height=\u00a0\u00bb1.3em\u00a0\u00bb body_font_size=\u00a0\u00bb16px\u00a0\u00bb body_line_height=\u00a0\u00bb1.8em\u00a0\u00bb background_size=\u00a0\u00bbinitial\u00a0\u00bb background_position=\u00a0\u00bbtop_left\u00a0\u00bb background_repeat=\u00a0\u00bbrepeat\u00a0\u00bb animation_style=\u00a0\u00bbfold\u00a0\u00bb animation_direction=\u00a0\u00bbbottom\u00a0\u00bb animation_intensity_fold=\u00a0\u00bb10%\u00a0\u00bb link_option_url=\u00a0\u00bbhttps:\/\/cabinetdentaire-capperiaz.fr\/\u00a0\u00bb link_option_url_new_window=\u00a0\u00bbon\u00a0\u00bb global_colors_info=\u00a0\u00bb{}\u00a0\u00bb]<\/p>\n<p><i><b>Creaci\u00f3n de la p\u00e1gina web de un dentista en Annecy<\/b><\/i><\/p>\n<p><i><b> <\/b><\/i><\/p>\n<p><i><b><\/b><\/i><\/p>\n<ul class=\"no_bullet\">\n<li class=\"checkedmark\">Reserva directa<\/li>\n<li class=\"checkedmark\">Interfaz de usuario, gesti\u00f3n de productos y pagos<\/li>\n<li class=\"checkedmark\">Gr\u00e1ficos e iconos personalizados<\/li>\n<\/ul>\n<p>[\/et_pb_blurb][\/et_pb_column][\/et_pb_row][et_pb_row column_structure=\u00a0\u00bb1_2,1_2&Prime; _builder_version=\u00a0\u00bb4.16&Prime; background_size=\u00a0\u00bbinitial\u00a0\u00bb background_position=\u00a0\u00bbtop_left\u00a0\u00bb background_repeat=\u00a0\u00bbrepeat\u00a0\u00bb custom_padding=\u00a0\u00bb45px|||\u00a0\u00bb locked=\u00a0\u00bboff\u00a0\u00bb global_colors_info=\u00a0\u00bb{}\u00a0\u00bb][et_pb_column type=\u00a0\u00bb1_2&Prime; _builder_version=\u00a0\u00bb4.16&Prime; custom_padding=\u00a0\u00bb|||\u00a0\u00bb global_colors_info=\u00a0\u00bb{}\u00a0\u00bb custom_padding__hover=\u00a0\u00bb|||\u00a0\u00bb][et_pb_blurb title=\u00a0\u00bbAlexandra Douce Th\u00e9rapeute\u00a0\u00bb url=\u00a0\u00bbhttps:\/\/douce-gestalt.fr\/\u00a0\u00bb url_new_window=\u00a0\u00bbon\u00a0\u00bb image=\u00a0\u00bbhttps:\/\/www.france-webdesign.com\/wp-content\/uploads\/2024\/10\/screenshot-108.jpg\u00a0\u00bb alt=\u00a0\u00bbfrance web design\u00a0\u00bb admin_label=\u00a0\u00bbProject\u00a0\u00bb module_class=\u00a0\u00bbportfoliofr\u00a0\u00bb _builder_version=\u00a0\u00bb4.27.2&Prime; header_font=\u00a0\u00bbMontserrat||||\u00a0\u00bb header_font_size=\u00a0\u00bb24px\u00a0\u00bb header_line_height=\u00a0\u00bb1.3em\u00a0\u00bb body_font=\u00a0\u00bb||||||||\u00a0\u00bb body_font_size=\u00a0\u00bb16px\u00a0\u00bb body_line_height=\u00a0\u00bb1.8em\u00a0\u00bb background_size=\u00a0\u00bbinitial\u00a0\u00bb background_position=\u00a0\u00bbtop_left\u00a0\u00bb background_repeat=\u00a0\u00bbrepeat\u00a0\u00bb custom_margin=\u00a0\u00bb|0px||\u00a0\u00bb animation_style=\u00a0\u00bbfold\u00a0\u00bb animation_direction=\u00a0\u00bbbottom\u00a0\u00bb animation_intensity_fold=\u00a0\u00bb10%\u00a0\u00bb link_option_url=\u00a0\u00bbhttps:\/\/douce-gestalt.fr\/\u00a0\u00bb link_option_url_new_window=\u00a0\u00bbon\u00a0\u00bb global_colors_info=\u00a0\u00bb{}\u00a0\u00bb]<\/p>\n<p style=\"text-align: left;\"><b><i>Terapeuta en Ch\u00e2teaurenard<\/i><\/b><\/p>\n<p style=\"text-align: left;\"><em><\/em><\/p>\n<ul class=\"no_bullet\">\n<li class=\"checkedmark\" style=\"text-align: left;\">Mantenimiento del alojamiento<\/li>\n<li class=\"checkedmark\" style=\"text-align: left;\">Identidad visual<\/li>\n<li class=\"checkedmark\" style=\"text-align: left;\">Calendario de actos<\/li>\n<li class=\"checkedmark\" style=\"text-align: left;\">P\u00f3ngase en contacto con<\/li>\n<\/ul>\n<p>[\/et_pb_blurb][\/et_pb_column][et_pb_column type=\u00a0\u00bb1_2&Prime; _builder_version=\u00a0\u00bb4.16&Prime; custom_padding=\u00a0\u00bb|||\u00a0\u00bb global_colors_info=\u00a0\u00bb{}\u00a0\u00bb custom_padding__hover=\u00a0\u00bb|||\u00a0\u00bb][et_pb_blurb title=\u00a0\u00bbMademoiselle Cacao\u00a0\u00bb url=\u00a0\u00bbhttps:\/\/mademoiselle-cacao.com\/\u00a0\u00bb url_new_window=\u00a0\u00bbon\u00a0\u00bb image=\u00a0\u00bbhttps:\/\/www.france-webdesign.com\/wp-content\/uploads\/2024\/10\/mademoiselle-cacao.jpg\u00a0\u00bb image_icon_width=\u00a0\u00bb95%\u00a0\u00bb admin_label=\u00a0\u00bbProject\u00a0\u00bb _builder_version=\u00a0\u00bb4.27.2&Prime; header_font=\u00a0\u00bbMontserrat||||\u00a0\u00bb header_font_size=\u00a0\u00bb24px\u00a0\u00bb header_line_height=\u00a0\u00bb1.3em\u00a0\u00bb body_font_size=\u00a0\u00bb16px\u00a0\u00bb body_line_height=\u00a0\u00bb1.8em\u00a0\u00bb background_size=\u00a0\u00bbinitial\u00a0\u00bb background_position=\u00a0\u00bbtop_left\u00a0\u00bb background_repeat=\u00a0\u00bbrepeat\u00a0\u00bb animation_style=\u00a0\u00bbfold\u00a0\u00bb animation_direction=\u00a0\u00bbbottom\u00a0\u00bb animation_intensity_fold=\u00a0\u00bb10%\u00a0\u00bb link_option_url=\u00a0\u00bbhttps:\/\/mademoiselle-cacao.com\/\u00a0\u00bb link_option_url_new_window=\u00a0\u00bbon\u00a0\u00bb global_colors_info=\u00a0\u00bb{}\u00a0\u00bb]<\/p>\n<p><i><b>Creaci\u00f3n de una p\u00e1gina web para un chocolatero de Marruecos<\/b><br \/><\/i><span style=\"font-size: 16px;\">\u00a0<\/span><\/p>\n<ul class=\"no_bullet\">\n<li class=\"checkedmark\">Tienda online completa<\/li>\n<li class=\"checkedmark\">Interfaz de usuario, gesti\u00f3n de productos y pagos<\/li>\n<li class=\"checkedmark\">Grpahismo e iconos personalizados<\/li>\n<\/ul>\n<p>[\/et_pb_blurb][\/et_pb_column][\/et_pb_row][et_pb_row column_structure=\u00a0\u00bb1_2,1_2&Prime; _builder_version=\u00a0\u00bb4.16&Prime; background_size=\u00a0\u00bbinitial\u00a0\u00bb background_position=\u00a0\u00bbtop_left\u00a0\u00bb background_repeat=\u00a0\u00bbrepeat\u00a0\u00bb custom_padding=\u00a0\u00bb45px|||\u00a0\u00bb locked=\u00a0\u00bboff\u00a0\u00bb global_colors_info=\u00a0\u00bb{}\u00a0\u00bb][et_pb_column type=\u00a0\u00bb1_2&Prime; _builder_version=\u00a0\u00bb4.16&Prime; custom_padding=\u00a0\u00bb|||\u00a0\u00bb global_colors_info=\u00a0\u00bb{}\u00a0\u00bb custom_padding__hover=\u00a0\u00bb|||\u00a0\u00bb][et_pb_blurb title=\u00a0\u00bbConcept Store \u00a0\u00bb url=\u00a0\u00bbhttps:\/\/www.concept-store-morzine.com\/\u00a0\u00bb url_new_window=\u00a0\u00bbon\u00a0\u00bb image=\u00a0\u00bbhttps:\/\/www.france-webdesign.com\/wp-content\/uploads\/2023\/11\/screenshot.jpg\u00a0\u00bb alt=\u00a0\u00bbfrance web design\u00a0\u00bb admin_label=\u00a0\u00bbProject\u00a0\u00bb module_class=\u00a0\u00bbportfoliofr\u00a0\u00bb _builder_version=\u00a0\u00bb4.27.2&Prime; header_font=\u00a0\u00bbMontserrat||||\u00a0\u00bb header_font_size=\u00a0\u00bb24px\u00a0\u00bb header_line_height=\u00a0\u00bb1.3em\u00a0\u00bb body_font=\u00a0\u00bb||||||||\u00a0\u00bb body_font_size=\u00a0\u00bb16px\u00a0\u00bb body_line_height=\u00a0\u00bb1.8em\u00a0\u00bb background_size=\u00a0\u00bbinitial\u00a0\u00bb background_position=\u00a0\u00bbtop_left\u00a0\u00bb background_repeat=\u00a0\u00bbrepeat\u00a0\u00bb custom_margin=\u00a0\u00bb|0px||\u00a0\u00bb animation_style=\u00a0\u00bbfold\u00a0\u00bb animation_direction=\u00a0\u00bbbottom\u00a0\u00bb animation_intensity_fold=\u00a0\u00bb10%\u00a0\u00bb link_option_url=\u00a0\u00bbhttps:\/\/www.concept-store-morzine.com\/\u00a0\u00bb link_option_url_new_window=\u00a0\u00bbon\u00a0\u00bb global_colors_info=\u00a0\u00bb{}\u00a0\u00bb]<\/p>\n<p style=\"text-align: left;\"><b><i>Concept Store - Alquiler de material en Morzine Avoriaz<\/i><\/b><\/p>\n<p style=\"text-align: left;\"><em><\/em><\/p>\n<ul class=\"no_bullet\">\n<li class=\"checkedmark\" style=\"text-align: left;\">Mantenimiento del alojamiento<\/li>\n<li class=\"checkedmark\" style=\"text-align: left;\">Identidad visual<\/li>\n<li class=\"checkedmark\" style=\"text-align: left;\">Tienda en l\u00ednea<\/li>\n<li class=\"checkedmark\" style=\"text-align: left;\">Pago en l\u00ednea<\/li>\n<\/ul>\n<p>[\/et_pb_blurb][\/et_pb_column][et_pb_column type=\u00a0\u00bb1_2&Prime; _builder_version=\u00a0\u00bb4.16&Prime; custom_padding=\u00a0\u00bb|||\u00a0\u00bb global_colors_info=\u00a0\u00bb{}\u00a0\u00bb custom_padding__hover=\u00a0\u00bb|||\u00a0\u00bb][et_pb_blurb title=\u00a0\u00bbChaumette Dupleix\u00a0\u00bb url=\u00a0\u00bbhttps:\/\/chaumette-dupleix.fr\/\u00a0\u00bb url_new_window=\u00a0\u00bbon\u00a0\u00bb image=\u00a0\u00bbhttps:\/\/www.france-webdesign.com\/wp-content\/uploads\/2024\/06\/creation-site-entreprise-BTP.jpg\u00a0\u00bb alt=\u00a0\u00bbfrance web design\u00a0\u00bb admin_label=\u00a0\u00bbProject\u00a0\u00bb module_class=\u00a0\u00bbportfoliofr\u00a0\u00bb _builder_version=\u00a0\u00bb4.27.2&Prime; header_font=\u00a0\u00bbMontserrat||||\u00a0\u00bb header_font_size=\u00a0\u00bb24px\u00a0\u00bb header_line_height=\u00a0\u00bb1.3em\u00a0\u00bb body_font=\u00a0\u00bb||||||||\u00a0\u00bb body_text_color=\u00a0\u00bb#000000&Prime; body_font_size=\u00a0\u00bb16px\u00a0\u00bb body_line_height=\u00a0\u00bb1.8em\u00a0\u00bb background_size=\u00a0\u00bbinitial\u00a0\u00bb background_position=\u00a0\u00bbtop_left\u00a0\u00bb background_repeat=\u00a0\u00bbrepeat\u00a0\u00bb custom_margin=\u00a0\u00bb|0px||\u00a0\u00bb custom_padding=\u00a0\u00bb||0px|||\u00a0\u00bb animation_style=\u00a0\u00bbfold\u00a0\u00bb animation_direction=\u00a0\u00bbbottom\u00a0\u00bb animation_intensity_fold=\u00a0\u00bb10%\u00a0\u00bb link_option_url=\u00a0\u00bbhttps:\/\/chaumette-dupleix.fr\/\u00a0\u00bb link_option_url_new_window=\u00a0\u00bbon\u00a0\u00bb global_colors_info=\u00a0\u00bb{}\u00a0\u00bb]<\/p>\n<p style=\"text-align: left;\"><span style=\"font-weight: bold; color: #808080;\"><i>Empresa BTM en Allier<br \/><\/i><\/span><span style=\"font-size: 16px;\">\u00a0<\/span><\/p>\n<ul class=\"no_bullet\">\n<li class=\"checkedmark\" style=\"text-align: left;\"><span style=\"color: #808080;\">Dise\u00f1o web corporativo<\/span><\/li>\n<li class=\"checkedmark\" style=\"text-align: left;\"><span style=\"color: #808080;\">Fuerte identidad visual<\/span><\/li>\n<li class=\"checkedmark\" style=\"text-align: left;\"><span style=\"color: #808080;\">Mantenimiento del alojamiento<\/span><\/li>\n<li class=\"checkedmark\" style=\"text-align: left;\"><span style=\"color: #808080;\">Mapa interactivo<\/span><\/li>\n<\/ul>\n<p>[\/et_pb_blurb][\/et_pb_column][\/et_pb_row][et_pb_row column_structure=\u00a0\u00bb1_2,1_2&Prime; _builder_version=\u00a0\u00bb4.16&Prime; background_size=\u00a0\u00bbinitial\u00a0\u00bb background_position=\u00a0\u00bbtop_left\u00a0\u00bb background_repeat=\u00a0\u00bbrepeat\u00a0\u00bb custom_padding=\u00a0\u00bb45px|||\u00a0\u00bb locked=\u00a0\u00bboff\u00a0\u00bb global_colors_info=\u00a0\u00bb{}\u00a0\u00bb][et_pb_column type=\u00a0\u00bb1_2&Prime; _builder_version=\u00a0\u00bb4.16&Prime; custom_padding=\u00a0\u00bb|||\u00a0\u00bb global_colors_info=\u00a0\u00bb{}\u00a0\u00bb custom_padding__hover=\u00a0\u00bb|||\u00a0\u00bb][et_pb_blurb title=\u00a0\u00bbCabinet dentaire\u00a0\u00bb url_new_window=\u00a0\u00bbon\u00a0\u00bb image=\u00a0\u00bbhttps:\/\/www.france-webdesign.com\/wp-content\/uploads\/2024\/10\/creation-site-cabinet-dentaire.jpg\u00a0\u00bb admin_label=\u00a0\u00bbProject\u00a0\u00bb module_class=\u00a0\u00bbportfoliofr\u00a0\u00bb _builder_version=\u00a0\u00bb4.27.2&Prime; header_font=\u00a0\u00bbMontserrat||||\u00a0\u00bb header_font_size=\u00a0\u00bb24px\u00a0\u00bb header_line_height=\u00a0\u00bb1.3em\u00a0\u00bb body_font=\u00a0\u00bb||||||||\u00a0\u00bb body_font_size=\u00a0\u00bb16px\u00a0\u00bb body_line_height=\u00a0\u00bb1.8em\u00a0\u00bb background_size=\u00a0\u00bbinitial\u00a0\u00bb background_position=\u00a0\u00bbtop_left\u00a0\u00bb background_repeat=\u00a0\u00bbrepeat\u00a0\u00bb custom_margin=\u00a0\u00bb|0px||\u00a0\u00bb animation_style=\u00a0\u00bbfold\u00a0\u00bb animation_direction=\u00a0\u00bbbottom\u00a0\u00bb animation_intensity_fold=\u00a0\u00bb10%\u00a0\u00bb link_option_url=\u00a0\u00bbhttps:\/\/cabinet-weissdental.ch\/\u00a0\u00bb link_option_url_new_window=\u00a0\u00bbon\u00a0\u00bb global_colors_info=\u00a0\u00bb{}\u00a0\u00bb]<\/p>\n<p style=\"text-align: left;\"><b><i>Cirug\u00eda dental Weissdental - Blanqueamiento\u00a0<\/i><\/b><\/p>\n<p style=\"text-align: left;\"><em><\/em><\/p>\n<ul class=\"no_bullet\">\n<li class=\"checkedmark\" style=\"text-align: left;\">Dise\u00f1o web con una fuerte identidad<\/li>\n<li class=\"checkedmark\" style=\"text-align: left;\">Llamada a la acci\u00f3n RDV<\/li>\n<\/ul>\n<p>[\/et_pb_blurb][\/et_pb_column][et_pb_column type=\u00a0\u00bb1_2&Prime; _builder_version=\u00a0\u00bb4.16&Prime; custom_padding=\u00a0\u00bb|||\u00a0\u00bb global_colors_info=\u00a0\u00bb{}\u00a0\u00bb custom_padding__hover=\u00a0\u00bb|||\u00a0\u00bb][et_pb_blurb title=\u00a0\u00bbSpa \u00e0 Morzine Avoriaz\u00a0\u00bb url=\u00a0\u00bbhttps:\/\/spa-morzine-avoriaz.com\/\u00a0\u00bb url_new_window=\u00a0\u00bbon\u00a0\u00bb image=\u00a0\u00bbhttps:\/\/www.france-webdesign.com\/wp-content\/uploads\/2023\/11\/web-design-spa-wellness.jpg\u00a0\u00bb alt=\u00a0\u00bbfrance web design\u00a0\u00bb admin_label=\u00a0\u00bbProject\u00a0\u00bb module_class=\u00a0\u00bbportfoliofr\u00a0\u00bb _builder_version=\u00a0\u00bb4.23.1&Prime; header_font=\u00a0\u00bbMontserrat||||\u00a0\u00bb header_font_size=\u00a0\u00bb24px\u00a0\u00bb header_line_height=\u00a0\u00bb1.3em\u00a0\u00bb body_font=\u00a0\u00bb||||||||\u00a0\u00bb body_font_size=\u00a0\u00bb16px\u00a0\u00bb body_line_height=\u00a0\u00bb1.8em\u00a0\u00bb background_size=\u00a0\u00bbinitial\u00a0\u00bb background_position=\u00a0\u00bbtop_left\u00a0\u00bb background_repeat=\u00a0\u00bbrepeat\u00a0\u00bb custom_margin=\u00a0\u00bb|0px||\u00a0\u00bb animation_style=\u00a0\u00bbfold\u00a0\u00bb animation_direction=\u00a0\u00bbbottom\u00a0\u00bb animation_intensity_fold=\u00a0\u00bb10%\u00a0\u00bb link_option_url=\u00a0\u00bbhttps:\/\/spa-morzine-avoriaz.com\/\u00a0\u00bb link_option_url_new_window=\u00a0\u00bbon\u00a0\u00bb global_colors_info=\u00a0\u00bb{}\u00a0\u00bb]<\/p>\n<p style=\"text-align: left;\"><b><i>Spa en Morzine Avoriaz<\/i><\/b><\/p>\n<p style=\"text-align: left;\"><em><\/em><\/p>\n<ul class=\"no_bullet\">\n<li class=\"checkedmark\" style=\"text-align: left;\">Dise\u00f1o web limpio e intuitivo<\/li>\n<li class=\"checkedmark\" style=\"text-align: left;\">Mantenimiento del alojamiento<\/li>\n<li class=\"checkedmark\" style=\"text-align: left;\">Identidad visual<\/li>\n<li class=\"checkedmark\" style=\"text-align: left;\">Reserva y pago en l\u00ednea<\/li>\n<\/ul>\n<p>[\/et_pb_blurb][\/et_pb_column][\/et_pb_row][et_pb_row column_structure=\u00a0\u00bb1_2,1_2&Prime; _builder_version=\u00a0\u00bb4.22.2&Prime; background_size=\u00a0\u00bbinitial\u00a0\u00bb background_position=\u00a0\u00bbtop_left\u00a0\u00bb background_repeat=\u00a0\u00bbrepeat\u00a0\u00bb custom_padding=\u00a0\u00bb27px||||false|false\u00a0\u00bb locked=\u00a0\u00bboff\u00a0\u00bb global_colors_info=\u00a0\u00bb{}\u00a0\u00bb][et_pb_column type=\u00a0\u00bb1_2&Prime; _builder_version=\u00a0\u00bb4.16&Prime; custom_padding=\u00a0\u00bb|||\u00a0\u00bb global_colors_info=\u00a0\u00bb{}\u00a0\u00bb custom_padding__hover=\u00a0\u00bb|||\u00a0\u00bb][et_pb_blurb title=\u00a0\u00bbCentre Pens\u00e9es \u00a0\u00bb url=\u00a0\u00bbhttps:\/\/centre-pensees.com\/\u00a0\u00bb url_new_window=\u00a0\u00bbon\u00a0\u00bb image=\u00a0\u00bbhttps:\/\/www.france-webdesign.com\/wp-content\/uploads\/2023\/10\/screenshot-620.jpg\u00a0\u00bb admin_label=\u00a0\u00bbProject\u00a0\u00bb _builder_version=\u00a0\u00bb4.22.2&Prime; header_font=\u00a0\u00bbMontserrat||||\u00a0\u00bb header_font_size=\u00a0\u00bb24px\u00a0\u00bb header_line_height=\u00a0\u00bb1.3em\u00a0\u00bb body_font_size=\u00a0\u00bb16px\u00a0\u00bb body_line_height=\u00a0\u00bb1.8em\u00a0\u00bb background_size=\u00a0\u00bbinitial\u00a0\u00bb background_position=\u00a0\u00bbtop_left\u00a0\u00bb background_repeat=\u00a0\u00bbrepeat\u00a0\u00bb animation_style=\u00a0\u00bbfold\u00a0\u00bb animation_direction=\u00a0\u00bbbottom\u00a0\u00bb animation_intensity_fold=\u00a0\u00bb10%\u00a0\u00bb link_option_url=\u00a0\u00bbhttps:\/\/centre-pensees.com\/\u00a0\u00bb link_option_url_new_window=\u00a0\u00bbon\u00a0\u00bb global_colors_info=\u00a0\u00bb{}\u00a0\u00bb]<\/p>\n<p><i><strong>Dise\u00f1o web para una <a href=\"https:\/\/centre-pensees.com\/\" target=\"_blank\" rel=\"noopener\">centro de terapia francesa<\/a> en Alemania\u00a0<\/strong><br \/><\/i><span style=\"font-size: 16px;\">\u00a0<\/span><\/p>\n<ul class=\"no_bullet\">\n<li class=\"checkedmark\">P\u00e1gina web con pago en l\u00ednea<\/li>\n<li class=\"checkedmark\">Interfaz de usuario y <a href=\"https:\/\/centre-pensees.com\/\">plataforma de acceso de psic\u00f3logos<\/a><\/li>\n<li class=\"checkedmark\">M\u00f3dulo de reserva de citas<\/li>\n<\/ul>\n<p>[\/et_pb_blurb][\/et_pb_column][et_pb_column type=\u00a0\u00bb1_2&Prime; _builder_version=\u00a0\u00bb4.16&Prime; custom_padding=\u00a0\u00bb|||\u00a0\u00bb global_colors_info=\u00a0\u00bb{}\u00a0\u00bb custom_padding__hover=\u00a0\u00bb|||\u00a0\u00bb][et_pb_blurb title=\u00a0\u00bbAscenseur France\u00a0\u00bb url=\u00a0\u00bbhttps:\/\/www.ascenseur-france.fr\/\u00a0\u00bb url_new_window=\u00a0\u00bbon\u00a0\u00bb image=\u00a0\u00bbhttps:\/\/www.france-webdesign.com\/wp-content\/uploads\/2024\/10\/screenshot.jpg\u00a0\u00bb content_max_width=\u00a0\u00bb100%\u00a0\u00bb admin_label=\u00a0\u00bbProject\u00a0\u00bb module_class=\u00a0\u00bbportfoliofr\u00a0\u00bb _builder_version=\u00a0\u00bb4.27.2&Prime; header_font=\u00a0\u00bbMontserrat||||\u00a0\u00bb header_font_size=\u00a0\u00bb24px\u00a0\u00bb header_line_height=\u00a0\u00bb1.3em\u00a0\u00bb body_font=\u00a0\u00bb||||||||\u00a0\u00bb body_font_size=\u00a0\u00bb16px\u00a0\u00bb body_line_height=\u00a0\u00bb1.8em\u00a0\u00bb background_size=\u00a0\u00bbinitial\u00a0\u00bb background_position=\u00a0\u00bbtop_left\u00a0\u00bb background_repeat=\u00a0\u00bbrepeat\u00a0\u00bb custom_margin=\u00a0\u00bb|0px||\u00a0\u00bb animation_style=\u00a0\u00bbfold\u00a0\u00bb animation_direction=\u00a0\u00bbbottom\u00a0\u00bb animation_intensity_fold=\u00a0\u00bb10%\u00a0\u00bb link_option_url=\u00a0\u00bbhttps:\/\/www.ascenseur-france.fr\/\u00a0\u00bb link_option_url_new_window=\u00a0\u00bbon\u00a0\u00bb global_colors_info=\u00a0\u00bb{}\u00a0\u00bb]<\/p>\n<p style=\"text-align: left;\"><b><i>Dise\u00f1o web para un importador de ascensores en Francia<\/i><\/b><\/p>\n<p style=\"text-align: left;\"><em><\/em><\/p>\n<ul class=\"no_bullet\">\n<li class=\"checkedmark\" style=\"text-align: left;\">Mantenimiento del alojamiento<\/li>\n<li class=\"checkedmark\" style=\"text-align: left;\"><span style=\"font-size: 16px;\">Creaci\u00f3n de la identidad visual<\/span><\/li>\n<li class=\"checkedmark\" style=\"text-align: left;\">Dise\u00f1o del logotipo<\/li>\n<\/ul>\n<p>[\/et_pb_blurb][\/et_pb_column][\/et_pb_row][et_pb_row column_structure=\u00a0\u00bb1_2,1_2&Prime; _builder_version=\u00a0\u00bb4.16&Prime; background_size=\u00a0\u00bbinitial\u00a0\u00bb background_position=\u00a0\u00bbtop_left\u00a0\u00bb background_repeat=\u00a0\u00bbrepeat\u00a0\u00bb custom_padding=\u00a0\u00bb27px||||false|false\u00a0\u00bb locked=\u00a0\u00bboff\u00a0\u00bb global_colors_info=\u00a0\u00bb{}\u00a0\u00bb][et_pb_column type=\u00a0\u00bb1_2&Prime; _builder_version=\u00a0\u00bb4.16&Prime; custom_padding=\u00a0\u00bb|||\u00a0\u00bb global_colors_info=\u00a0\u00bb{}\u00a0\u00bb custom_padding__hover=\u00a0\u00bb|||\u00a0\u00bb][et_pb_blurb title=\u00a0\u00bbLocation Normandie\u00a0\u00bb url=\u00a0\u00bbhttps:\/\/www.location-normandie.net\/\u00a0\u00bb image=\u00a0\u00bbhttps:\/\/www.france-webdesign.com\/wp-content\/uploads\/2018\/12\/locations-normandie.jpg\u00a0\u00bb admin_label=\u00a0\u00bbProject\u00a0\u00bb _builder_version=\u00a0\u00bb4.16&Prime; header_font=\u00a0\u00bbMontserrat||||\u00a0\u00bb header_font_size=\u00a0\u00bb24px\u00a0\u00bb header_line_height=\u00a0\u00bb1.3em\u00a0\u00bb body_font_size=\u00a0\u00bb16px\u00a0\u00bb body_line_height=\u00a0\u00bb1.8em\u00a0\u00bb background_size=\u00a0\u00bbinitial\u00a0\u00bb background_position=\u00a0\u00bbtop_left\u00a0\u00bb background_repeat=\u00a0\u00bbrepeat\u00a0\u00bb animation_style=\u00a0\u00bbfold\u00a0\u00bb animation_direction=\u00a0\u00bbbottom\u00a0\u00bb animation_intensity_fold=\u00a0\u00bb10%\u00a0\u00bb link_option_url=\u00a0\u00bbhttps:\/\/www.location-normandie.net\/\u00a0\u00bb global_colors_info=\u00a0\u00bb{}\u00a0\u00bb]<\/p>\n<p><em><strong>Crear un sitio web para un aut\u00f3nomo<\/strong>:\u00a0 <a href=\"https:\/\/www.location-normandie.net\/\">Casas de vacaciones en Normand\u00eda<\/a><\/em><\/p>\n<p><em> <\/em><\/p>\n<p><em><\/em><\/p>\n<ul class=\"no_bullet\">\n<li class=\"checkedmark\">Sitio web de comercio electr\u00f3nico<\/li>\n<li class=\"checkedmark\">Creaci\u00f3n e integraci\u00f3n de un logotipo y una carta gr\u00e1fica<\/li>\n<li class=\"checkedmark\">M\u00f3dulo de reservas<\/li>\n<\/ul>\n<p>[\/et_pb_blurb][\/et_pb_column][et_pb_column type=\u00a0\u00bb1_2&Prime; _builder_version=\u00a0\u00bb4.16&Prime; custom_padding=\u00a0\u00bb|||\u00a0\u00bb global_colors_info=\u00a0\u00bb{}\u00a0\u00bb custom_padding__hover=\u00a0\u00bb|||\u00a0\u00bb][et_pb_blurb title=\u00a0\u00bbMy International Therapy\u00a0\u00bb url=\u00a0\u00bbhttps:\/\/my-international-therapy.com\/\u00a0\u00bb url_new_window=\u00a0\u00bbon\u00a0\u00bb image=\u00a0\u00bbhttps:\/\/www.france-webdesign.com\/wp-content\/uploads\/2024\/06\/creation-site-therapie-1.jpg\u00a0\u00bb alt=\u00a0\u00bbpsychologue berlin\u00a0\u00bb admin_label=\u00a0\u00bbProject\u00a0\u00bb _builder_version=\u00a0\u00bb4.25.1&Prime; header_font=\u00a0\u00bbMontserrat||||\u00a0\u00bb header_font_size=\u00a0\u00bb24px\u00a0\u00bb header_line_height=\u00a0\u00bb1.3em\u00a0\u00bb body_font_size=\u00a0\u00bb16px\u00a0\u00bb body_line_height=\u00a0\u00bb1.8em\u00a0\u00bb background_size=\u00a0\u00bbinitial\u00a0\u00bb background_position=\u00a0\u00bbtop_left\u00a0\u00bb background_repeat=\u00a0\u00bbrepeat\u00a0\u00bb animation_style=\u00a0\u00bbfold\u00a0\u00bb animation_direction=\u00a0\u00bbbottom\u00a0\u00bb animation_intensity_fold=\u00a0\u00bb10%\u00a0\u00bb link_option_url_new_window=\u00a0\u00bbon\u00a0\u00bb global_colors_info=\u00a0\u00bb{}\u00a0\u00bb]<\/p>\n<p><em><strong>Dise\u00f1o web para una cl\u00ednica internacional <a href=\"https:\/\/my-international-therapy.com\/\" target=\"_blank\" rel=\"noopener\">Mi terapia internacional<\/a><\/strong><\/em><\/p>\n<p><em> <\/em><\/p>\n<p><em><\/em><\/p>\n<ul class=\"no_bullet\">\n<li class=\"checkedmark\">P\u00e1gina web con pago en l\u00ednea<\/li>\n<li class=\"checkedmark\">Interfaz de usuario<\/li>\n<li class=\"checkedmark\">M\u00f3dulo enchufable <a href=\"https:\/\/my-international-therapy.com\/\" target=\"_blank\" rel=\"noopener\">citas para terapias<\/a><\/li>\n<\/ul>\n<p>[\/et_pb_blurb][\/et_pb_column][\/et_pb_row][et_pb_row column_structure=\u00a0\u00bb1_2,1_2&Prime; _builder_version=\u00a0\u00bb4.16&Prime; background_size=\u00a0\u00bbinitial\u00a0\u00bb background_position=\u00a0\u00bbtop_left\u00a0\u00bb background_repeat=\u00a0\u00bbrepeat\u00a0\u00bb custom_padding=\u00a0\u00bb27px||||false|false\u00a0\u00bb locked=\u00a0\u00bboff\u00a0\u00bb global_colors_info=\u00a0\u00bb{}\u00a0\u00bb][et_pb_column type=\u00a0\u00bb1_2&Prime; _builder_version=\u00a0\u00bb4.16&Prime; custom_padding=\u00a0\u00bb|||\u00a0\u00bb global_colors_info=\u00a0\u00bb{}\u00a0\u00bb custom_padding__hover=\u00a0\u00bb|||\u00a0\u00bb][et_pb_blurb title=\u00a0\u00bbKarla Bernat\u00a0\u00bb url=\u00a0\u00bbhttps:\/\/www.karla-bernat.com\/\u00a0\u00bb image=\u00a0\u00bbhttps:\/\/www.france-webdesign.com\/wp-content\/uploads\/2023\/11\/screenshot-1.jpg\u00a0\u00bb admin_label=\u00a0\u00bbProject\u00a0\u00bb _builder_version=\u00a0\u00bb4.23.1&Prime; header_font=\u00a0\u00bbMontserrat||||\u00a0\u00bb header_font_size=\u00a0\u00bb24px\u00a0\u00bb header_line_height=\u00a0\u00bb1.3em\u00a0\u00bb body_font_size=\u00a0\u00bb16px\u00a0\u00bb body_line_height=\u00a0\u00bb1.8em\u00a0\u00bb background_size=\u00a0\u00bbinitial\u00a0\u00bb background_position=\u00a0\u00bbtop_left\u00a0\u00bb background_repeat=\u00a0\u00bbrepeat\u00a0\u00bb animation_style=\u00a0\u00bbfold\u00a0\u00bb animation_direction=\u00a0\u00bbbottom\u00a0\u00bb animation_intensity_fold=\u00a0\u00bb10%\u00a0\u00bb link_option_url=\u00a0\u00bbhttps:\/\/www.karla-bernat.com\/\u00a0\u00bb global_colors_info=\u00a0\u00bb{}\u00a0\u00bb]<\/p>\n<p><i><strong>Dise\u00f1o de p\u00e1gina web para un psic\u00f3logo aut\u00f3nomo<\/strong><br \/><\/i><span style=\"font-size: 16px;\">\u00a0<\/span><\/p>\n<ul class=\"no_bullet\">\n<li class=\"checkedmark\">Sitio web muy ilustrado<\/li>\n<li class=\"checkedmark\">Dise\u00f1o del logotipo<\/li>\n<li class=\"checkedmark\">Reserva de citas en l\u00ednea<\/li>\n<\/ul>\n<p>[\/et_pb_blurb][\/et_pb_column][et_pb_column type=\u00a0\u00bb1_2&Prime; _builder_version=\u00a0\u00bb4.16&Prime; custom_padding=\u00a0\u00bb|||\u00a0\u00bb global_colors_info=\u00a0\u00bb{}\u00a0\u00bb custom_padding__hover=\u00a0\u00bb|||\u00a0\u00bb][et_pb_blurb title=\u00a0\u00bbCuisine SXM\u00a0\u00bb url=\u00a0\u00bbhttps:\/\/www.cuisinesxm.com\/\u00a0\u00bb url_new_window=\u00a0\u00bbon\u00a0\u00bb image=\u00a0\u00bbhttps:\/\/www.france-webdesign.com\/wp-content\/uploads\/2018\/12\/3cuisinesxm.jpg\u00a0\u00bb admin_label=\u00a0\u00bbProject\u00a0\u00bb module_class=\u00a0\u00bbportfoliofr\u00a0\u00bb _builder_version=\u00a0\u00bb4.16&Prime; header_font=\u00a0\u00bbMontserrat||||\u00a0\u00bb header_font_size=\u00a0\u00bb24px\u00a0\u00bb header_line_height=\u00a0\u00bb1.3em\u00a0\u00bb body_font=\u00a0\u00bb||||||||\u00a0\u00bb body_font_size=\u00a0\u00bb16px\u00a0\u00bb body_line_height=\u00a0\u00bb1.8em\u00a0\u00bb background_size=\u00a0\u00bbinitial\u00a0\u00bb background_position=\u00a0\u00bbtop_left\u00a0\u00bb background_repeat=\u00a0\u00bbrepeat\u00a0\u00bb animation_style=\u00a0\u00bbfold\u00a0\u00bb animation_direction=\u00a0\u00bbbottom\u00a0\u00bb animation_intensity_fold=\u00a0\u00bb10%\u00a0\u00bb link_option_url=\u00a0\u00bbhttps:\/\/www.cuisinesxm.com\/\u00a0\u00bb link_option_url_new_window=\u00a0\u00bbon\u00a0\u00bb global_colors_info=\u00a0\u00bb{}\u00a0\u00bb]<\/p>\n<p><em><strong>Creaci\u00f3n de un sitio web para fabricantes e instaladores<\/strong> de cocinas en San Bartolom\u00e9<\/em><\/p>\n<p><em> <\/em><\/p>\n<p><em><\/em><\/p>\n<ul class=\"no_bullet\">\n<li class=\"checkedmark\">Creaci\u00f3n del sitio web<\/li>\n<li class=\"checkedmark\">Integraci\u00f3n del logotipo suministrado por el cliente<\/li>\n<li class=\"checkedmark\">Adaptar fuentes y colores<\/li>\n<li class=\"checkedmark\">Referencia<\/li>\n<\/ul>\n<p>[\/et_pb_blurb][\/et_pb_column][\/et_pb_row][\/et_pb_section][et_pb_section fb_built=\u00a0\u00bb1&Prime; admin_label=\u00a0\u00bbFooter\u00a0\u00bb module_id=\u00a0\u00bbcontact\u00a0\u00bb _builder_version=\u00a0\u00bb4.22.2&Prime; background_color=\u00a0\u00bbrgba(255,255,255,0.75)\u00a0\u00bb background_image=\u00a0\u00bbhttps:\/\/www.france-webdesign.com\/wp-content\/uploads\/2022\/07\/279jjkbz3wa.jpg\u00a0\u00bb background_position=\u00a0\u00bbbottom_left\u00a0\u00bb background_blend=\u00a0\u00bboverlay\u00a0\u00bb background_video_pause_outside_viewport=\u00a0\u00bboff\u00a0\u00bb custom_margin=\u00a0\u00bb||-59px|||\u00a0\u00bb custom_padding=\u00a0\u00bb38px||38px||true|\u00a0\u00bb global_module=\u00a0\u00bb2009&Prime; saved_tabs=\u00a0\u00bball\u00a0\u00bb global_colors_info=\u00a0\u00bb{}\u00a0\u00bb][et_pb_row column_structure=\u00a0\u00bb3_5,2_5&Prime; use_custom_gutter=\u00a0\u00bbon\u00a0\u00bb gutter_width=\u00a0\u00bb2&Prime; make_equal=\u00a0\u00bbon\u00a0\u00bb _builder_version=\u00a0\u00bb4.20.0&Prime; background_size=\u00a0\u00bbinitial\u00a0\u00bb background_position=\u00a0\u00bbtop_left\u00a0\u00bb background_repeat=\u00a0\u00bbrepeat\u00a0\u00bb width=\u00a0\u00bb100%\u00a0\u00bb custom_margin=\u00a0\u00bb||||false|true\u00a0\u00bb custom_padding=\u00a0\u00bb||||false|false\u00a0\u00bb global_colors_info=\u00a0\u00bb{}\u00a0\u00bb][et_pb_column type=\u00a0\u00bb3_5&Prime; _builder_version=\u00a0\u00bb4.16&Prime; background_color=\u00a0\u00bbrgba(255,255,255,0.6)\u00a0\u00bb background_position=\u00a0\u00bbtop_left\u00a0\u00bb custom_padding=\u00a0\u00bb50px|40px|50px|40px\u00a0\u00bb global_colors_info=\u00a0\u00bb{}\u00a0\u00bb custom_padding__hover=\u00a0\u00bb|||\u00a0\u00bb][et_pb_text admin_label=\u00a0\u00bbTitle\u00a0\u00bb _builder_version=\u00a0\u00bb4.17.4&Prime; text_font=\u00a0\u00bbMontserrat||||||||\u00a0\u00bb text_text_color=\u00a0\u00bb#747d88&Prime; text_font_size=\u00a0\u00bb16px\u00a0\u00bb text_line_height=\u00a0\u00bb1.9em\u00a0\u00bb header_font=\u00a0\u00bb||||||||\u00a0\u00bb header_2_font=\u00a0\u00bbMontserrat|700||on|||||\u00a0\u00bb header_2_font_size=\u00a0\u00bb42px\u00a0\u00bb header_2_line_height=\u00a0\u00bb1.3em\u00a0\u00bb header_3_font=\u00a0\u00bbMontserrat|700||on|||||\u00a0\u00bb background_size=\u00a0\u00bbinitial\u00a0\u00bb background_position=\u00a0\u00bbtop_left\u00a0\u00bb background_repeat=\u00a0\u00bbrepeat\u00a0\u00bb text_orientation=\u00a0\u00bbcenter\u00a0\u00bb max_width=\u00a0\u00bb700px\u00a0\u00bb module_alignment=\u00a0\u00bbcenter\u00a0\u00bb custom_margin=\u00a0\u00bb||9px|||\u00a0\u00bb animation_style=\u00a0\u00bbslide\u00a0\u00bb animation_direction=\u00a0\u00bbbottom\u00a0\u00bb animation_intensity_slide=\u00a0\u00bb4%\u00a0\u00bb global_colors_info=\u00a0\u00bb{}\u00a0\u00bb]<\/p>\n<h3>Hablemos de su proyecto web<\/h3>\n<p>[\/et_pb_text][et_pb_text admin_label=\"Subt\u00edtulo \" _builder_version=\"4.17.4\u2033 text_font=\"Montserrat|||| \" text_text_color=\"#353740\u2033 text_font_size=\"16px \" text_line_height=\"1.8em \" header_font=\"|||||||| \" background_size=\"initial \" background_position=\"top_left \" background_repeat=\"repeat \" text_orientation=\"center \" max_width=\"700px \" module_alignment=\"center \" custom_margin=\"||25px|| \" animation_style=\"slide \" animation_direction=\"bottom \" animation_delay=\"100ms \" animation_intensity_slide=\"4% \" global_colors_info=\"{}\"]<\/p>\n<p>Contacte con un experto digital<\/p>\n<p>[\/et_pb_text][et_pb_contact_form captcha=\"off \" email=\"contact@france-webdesign.com \" use_redirect=\"on \" redirect_url=\"https:\/\/www.france-webdesign.com\/message-envoye \" success_message=\"Mensaje enviado, \u00a1gracias!  \" submit_button_text=\"Enviar \" _builder_version=\"4.24.2\u2033 _module_preset=\"default \" _unique_id=\"50eb54c8-a6b6-48fb-9634-7b46b2d7fe36\u2033 global_colors_info=\"{} \"][et_pb_contact_field field_id=\"Nombre \" field_title=\"Nombre\" _builder_version=\"4.22.2\u2033 global_colors_info=\"{} \" button_text_size__hover_enabled=\"off \" button_one_text_size__hover_enabled=\"off \" button_two_text_size__hover_enabled=\"off \" button_text_color__hover_enabled=\"off \" button_one_text_color__hover_enabled=\"off \" button_two_text_color__hover_enabled= \"off \" button_border_width__hover_enabled=\"off \" button_one_border_width__hover_enabled=\"off \" button_two_border_width__hover_enabled=\"off \" button_border_color__hover_enabled=\"off \" button_one_border_color__hover_enabled=\"off \" button_two_border_color__hover_enabled=\"off \"off \" button_border_radius__hover_enabled=\"off \" button_one_border_radius__hover_enabled=\"off \" button_two_border_radius__hover_enabled=\"off \" button_letter_spacing__hover_enabled=\"off \" button_one_letter_spacing__hover_enabled=\"off \" button_two_letter_spacing__hover_enabled=\"off \"off \" button_bg_color__hover_enabled=\"off \" button_one_bg_color__hover_enabled=\"off \" button_two_bg_color__hover_enabled=\"off \"][\/et_pb_contact_field][et_pb_contact_field field_id=\"Correo electr\u00f3nico \" field_title=\"Correo electr\u00f3nico \" field_type=\"correo electr\u00f3nico \" _builder_version=\"4.22.22.2\u2033 global_colors_info=\"{} \" button_text_size__hover_enabled=\"off \" button_one_text_size__hover_enabled=\"off \" button_two_text_size__hover_enabled=\"off \" button_text_color__hover_enabled=\"off \" button_one_text_color__hover_enabled=\"off \" button_two_text_color__hover_enabled= \"off \" button_border_width__hover_enabled=\"off \" button_one_border_width__hover_enabled=\"off \" button_two_border_width__hover_enabled=\"off \" button_border_color__hover_enabled=\"off \" button_one_border_color__hover_enabled=\"off \" button_two_border_color__hover_enabled=\"off\" button_border_radius__hover_enabled=\"desactivado \" button_one_border_radius__hover_enabled=\"desactivado \" button_two_border_radius__hover_enabled=\"desactivado \" button_letter_spacing__hover_enabled=\"desactivado \" button_one_letter_spacing__hover_enabled=\"desactivado \" button_two_letter_spacing__hover_enabled=\"desactivado\" button_bg_color__hover_enabled=\"off \" button_one_bg_color__hover_enabled=\"off \" button_two_bg_color__hover_enabled=\"off \"][\/et_pb_contact_field][et_pb_contact_field field_id=\"tel \" field_title=\"Tel\u00e9fono\" required_mark=\"off \" fullwidth_field=\"on \" _builder_version=\"4.22.2\u2033 _module_preset=\"default \" global_colors_info=\"{} \"][\/et_pb_contact_field][et_pb_contact_field field_id=\"Mensaje \" field_title=\"Mensaje \" field_type=\"text \" fullwidth_field=\"on \" _builder_version=\"4.16\u2033 global_colors_info=\"{} \" button_text_size__hover_enabled=\"off \" button_one_text_size__hover_enabled=\"off \" button_two_text_size__hover_enabled=\"off \" button_text_color__hover_enabled=\"off \" button_one_text_color__hover_enabled=\"off \" button_two_text_color__hover_enabled= \"off \" button_border_width__hover_enabled=\"off \" button_one_border_width__hover_enabled=\"off \" button_two_border_width__hover_enabled=\"off \" button_border_color__hover_enabled=\"off \" button_one_border_color__hover_enabled=\"off \" button_two_border_color__hover_enabled=\"off off \" button_border_radius__hover_enabled=\"off \" button_one_border_radius__hover_enabled=\"off \" button_two_border_radius__hover_enabled=\"off \" button_letter_spacing__hover_enabled=\"off \" button_one_letter_spacing__hover_enabled=\"off \" bot\u00f3n_dos_border_color__hover_enabled=\"off button_two_letter_spacing__hover_enabled=\"desactivado \" button_bg_color__hover_enabled=\"desactivado \" button_one_bg_color__hover_enabled=\"desactivado \" button_two_bg_color__hover_enabled=\"off \"][\/et_pb_contact_field][\/et_pb_contact_form][\/et_pb_column][et_pb_column type=\"2_5\u2033 _builder_version=\"4.16\u2033 background_color=\"rgba(255,255,255,0.61) \" background_position=\"top_left \" custom_padding=\"50px|20px|50px|20px|false|true \" global_colors_info=\"{} \" custom_padding__hover=\"||| \"][et_pb_image src= \"https:\/\/www.france-webdesign.com\/wp-content\/uploads\/2020\/09\/logo-france-webdesign-GRIS.png \" title_text=\"logo france webdesign GRIS \" _builder_version=\"4.20.0\u2033 _module_preset=\"default \" width=\"46% \" custom_margin=\"-10px||||false|false \" global_colors_info=\"{} \"][\/et_pb_image][et_pb_code _builder_version=\"4.20.0\u2033 _module_preset=\"default \" custom_margin=\"43px||||| \" global_colors_info=\"{} \"] <div class=\"ti-widget ti-goog\" data-layout-id=\"15\" data-set-id=\"light-background-large\" data-pid=\"\" data-pager-autoplay-timeout=\"6\" data-review-target-width=\"300\" data-language=\"fr\" > <div class=\"ti-widget-container ti-col-3\"> <div class=\"ti-reviews-container\"> <div class=\"ti-controls\"> <div class=\"ti-next\"><\/div> <div class=\"ti-prev\"><\/div> <\/div> <div class=\"ti-reviews-container-wrapper\">  <div data-empty=\"0\" class=\"ti-review-item source-Google\" > <div class=\"ti-inner\"> <div class=\"ti-review-content\"> <span class=\"ti-stars\"><span class=\"ti-star f\"><\/span><span class=\"ti-star f\"><\/span><span class=\"ti-star f\"><\/span><span class=\"ti-star f\"><\/span><span class=\"ti-star f\"><\/span><\/span> <div class=\"ti-review-text-container ti-review-text\"><!-- R-CONTENT -->\u00a1Un gran trabajo! \u00a1Lo recomiendo totalmente!<!-- R-CONTENT --><\/div> <span class=\"ti-read-more\" data-container=\".ti-review-text\" data-collapse-text=\"Cacher\" data-open-text=\"Lire la suite\" ><\/span> <\/div> <\/div> <div class=\"ti-review-header\"> <div class=\"ti-profile-img\"> <img decoding=\"async\" src=\"https:\/\/lh3.googleusercontent.com\/a\/AGNmyxY10U_JfRwc13SjWfouoewaC3Qxf-3lUu1t3yHO=s120-c-c-rp-w64-h64-mo-br100\" alt=\"NICE INFORMATIQUE\" \/> <\/div> <div class=\"ti-profile-details\"> <div class=\"ti-name\"> NICE INFORMATIQUE <\/div> <div class=\"ti-date\">2022-05-11<\/div> <\/div> <\/div> <\/div>  <div data-empty=\"0\" class=\"ti-review-item source-Google\" > <div class=\"ti-inner\"> <div class=\"ti-review-content\"> <span class=\"ti-stars\"><span class=\"ti-star f\"><\/span><span class=\"ti-star f\"><\/span><span class=\"ti-star f\"><\/span><span class=\"ti-star f\"><\/span><span class=\"ti-star f\"><\/span><\/span> <div class=\"ti-review-text-container ti-review-text\"><!-- R-CONTENT -->He conseguido mucho m\u00e1s de lo que esperaba. Mi sitio tiene un aspecto fant\u00e1stico. \u00a1Buen trabajo y excelente renderizaci\u00f3n!<!-- R-CONTENT --><\/div> <span class=\"ti-read-more\" data-container=\".ti-review-text\" data-collapse-text=\"Cacher\" data-open-text=\"Lire la suite\" ><\/span> <\/div> <\/div> <div class=\"ti-review-header\"> <div class=\"ti-profile-img\"> <img decoding=\"async\" src=\"https:\/\/lh3.googleusercontent.com\/a-\/ACB-R5RajoISLKG2G80D-iuuLSQ5MdWvgw3ICN2sOG5w=s120-c-c-rp-w64-h64-mo-br100\" alt=\"mkm difusi\u00f3n\" \/> <\/div> <div class=\"ti-profile-details\"> <div class=\"ti-name\"> mkm difusi\u00f3n <\/div> <div class=\"ti-date\">2022-04-12<\/div> <\/div> <\/div> <\/div>  <div data-empty=\"0\" class=\"ti-review-item source-Google\" > <div class=\"ti-inner\"> <div class=\"ti-review-content\"> <span class=\"ti-stars\"><span class=\"ti-star f\"><\/span><span class=\"ti-star f\"><\/span><span class=\"ti-star f\"><\/span><span class=\"ti-star f\"><\/span><span class=\"ti-star f\"><\/span><\/span> <div class=\"ti-review-text-container ti-review-text\"><!-- R-CONTENT -->Crearon el sitio web de mi empresa de fontaner\u00eda<!-- R-CONTENT --><\/div> <span class=\"ti-read-more\" data-container=\".ti-review-text\" data-collapse-text=\"Cacher\" data-open-text=\"Lire la suite\" ><\/span> <\/div> <\/div> <div class=\"ti-review-header\"> <div class=\"ti-profile-img\"> <img decoding=\"async\" src=\"https:\/\/lh3.googleusercontent.com\/a\/AGNmyxYtWcu9IHI6ld8XnyPc8E-LNRBVBtoAzCx4gfnR=s120-c-c-rp-w64-h64-mo-br100\" alt=\"Ref HW\" \/> <\/div> <div class=\"ti-profile-details\"> <div class=\"ti-name\"> Ref HW <\/div> <div class=\"ti-date\">2021-12-19<\/div> <\/div> <\/div> <\/div>  <div data-empty=\"0\" class=\"ti-review-item source-Google\" > <div class=\"ti-inner\"> <div class=\"ti-review-content\"> <span class=\"ti-stars\"><span class=\"ti-star f\"><\/span><span class=\"ti-star f\"><\/span><span class=\"ti-star f\"><\/span><span class=\"ti-star f\"><\/span><span class=\"ti-star f\"><\/span><\/span> <div class=\"ti-review-text-container ti-review-text\"><!-- R-CONTENT -->Gracias por la p\u00e1gina web de la empresa.<!-- R-CONTENT --><\/div> <span class=\"ti-read-more\" data-container=\".ti-review-text\" data-collapse-text=\"Cacher\" data-open-text=\"Lire la suite\" ><\/span> <\/div> <\/div> <div class=\"ti-review-header\"> <div class=\"ti-profile-img\"> <img decoding=\"async\" src=\"https:\/\/lh3.googleusercontent.com\/a\/AGNmyxZvO1PoESlNjIvj2K5YMuCbsXer9eA9WDD4TvhU=s120-c-c-rp-w64-h64-mo-br100\" alt=\"Nina Lala\" \/> <\/div> <div class=\"ti-profile-details\"> <div class=\"ti-name\"> Nina Lala <\/div> <div class=\"ti-date\">2021-11-01<\/div> <\/div> <\/div> <\/div>  <div data-empty=\"0\" class=\"ti-review-item source-Google\" > <div class=\"ti-inner\"> <div class=\"ti-review-content\"> <span class=\"ti-stars\"><span class=\"ti-star f\"><\/span><span class=\"ti-star f\"><\/span><span class=\"ti-star f\"><\/span><span class=\"ti-star f\"><\/span><span class=\"ti-star f\"><\/span><\/span> <div class=\"ti-review-text-container ti-review-text\"><!-- R-CONTENT -->El sitio est\u00e1 de acuerdo con el cdc<!-- R-CONTENT --><\/div> <span class=\"ti-read-more\" data-container=\".ti-review-text\" data-collapse-text=\"Cacher\" data-open-text=\"Lire la suite\" ><\/span> <\/div> <\/div> <div class=\"ti-review-header\"> <div class=\"ti-profile-img\"> <img decoding=\"async\" src=\"https:\/\/lh3.googleusercontent.com\/a\/AGNmyxbQUuOzBkGj1Mrb7kjH8HW3itPZUMQWYdbFl2uW=s120-c-c-rp-w64-h64-mo-br100\" alt=\"Restaurante Le Dinner\" \/> <\/div> <div class=\"ti-profile-details\"> <div class=\"ti-name\"> Restaurante Le Dinner <\/div> <div class=\"ti-date\">2021-06-19<\/div> <\/div> <\/div> <\/div>  <div data-empty=\"0\" class=\"ti-review-item source-Google\" > <div class=\"ti-inner\"> <div class=\"ti-review-content\"> <span class=\"ti-stars\"><span class=\"ti-star f\"><\/span><span class=\"ti-star f\"><\/span><span class=\"ti-star f\"><\/span><span class=\"ti-star f\"><\/span><span class=\"ti-star f\"><\/span><\/span> <div class=\"ti-review-text-container ti-review-text\"><!-- R-CONTENT -->El servicio fue r\u00e1pido y cumpli\u00f3 perfectamente mis expectativas. Yo recomendar\u00eda<!-- R-CONTENT --><\/div> <span class=\"ti-read-more\" data-container=\".ti-review-text\" data-collapse-text=\"Cacher\" data-open-text=\"Lire la suite\" ><\/span> <\/div> <\/div> <div class=\"ti-review-header\"> <div class=\"ti-profile-img\"> <img decoding=\"async\" src=\"https:\/\/lh3.googleusercontent.com\/a\/AGNmyxY3pZnUNfqX_Ntfvo2IN9pdsLAa4TU_qrfniock=s120-c-c-rp-w64-h64-mo-br100\" alt=\"Julien Csn\" \/> <\/div> <div class=\"ti-profile-details\"> <div class=\"ti-name\"> Julien Csn <\/div> <div class=\"ti-date\">2021-05-08<\/div> <\/div> <\/div> <\/div>  <div data-empty=\"0\" class=\"ti-review-item source-Google\" > <div class=\"ti-inner\"> <div class=\"ti-review-content\"> <span class=\"ti-stars\"><span class=\"ti-star f\"><\/span><span class=\"ti-star f\"><\/span><span class=\"ti-star f\"><\/span><span class=\"ti-star f\"><\/span><span class=\"ti-star f\"><\/span><\/span> <div class=\"ti-review-text-container ti-review-text\"><!-- R-CONTENT -->Sitio web muy profesional y r\u00e1pida implementaci\u00f3n, \u00a1nada de lo que quejarse!<!-- R-CONTENT --><\/div> <span class=\"ti-read-more\" data-container=\".ti-review-text\" data-collapse-text=\"Cacher\" data-open-text=\"Lire la suite\" ><\/span> <\/div> <\/div> <div class=\"ti-review-header\"> <div class=\"ti-profile-img\"> <img decoding=\"async\" src=\"https:\/\/lh3.googleusercontent.com\/a\/AGNmyxZ0IwU5SCVwSk1fXLx_p6MfyuHDXQs4Pu7xUzmV=s120-c-c-rp-w64-h64-mo-br100\" alt=\"Manon R\" \/> <\/div> <div class=\"ti-profile-details\"> <div class=\"ti-name\"> Manon R <\/div> <div class=\"ti-date\">2021-03-10<\/div> <\/div> <\/div> <\/div>  <div data-empty=\"0\" class=\"ti-review-item source-Google\" > <div class=\"ti-inner\"> <div class=\"ti-review-content\"> <span class=\"ti-stars\"><span class=\"ti-star f\"><\/span><span class=\"ti-star f\"><\/span><span class=\"ti-star f\"><\/span><span class=\"ti-star f\"><\/span><span class=\"ti-star f\"><\/span><\/span> <div class=\"ti-review-text-container ti-review-text\"><!-- R-CONTENT -->Equipo creativo y receptivo, bien hecho. (Casi) inesperado para servicios a este precio... \ud83d\ude09 .\nHe ganado mucho en referenciaci\u00f3n (\u00a1natural!) desde que el nuevo sitio se puso en l\u00ednea.\nUn 2\u00ba sitio en construcci\u00f3n.\nLos recomiendo sin dudarlo.<!-- R-CONTENT --><\/div> <span class=\"ti-read-more\" data-container=\".ti-review-text\" data-collapse-text=\"Cacher\" data-open-text=\"Lire la suite\" ><\/span> <\/div> <\/div> <div class=\"ti-review-header\"> <div class=\"ti-profile-img\"> <img decoding=\"async\" src=\"https:\/\/lh3.googleusercontent.com\/a\/AGNmyxY-1JCXPfMXuphentCsuqenrXTkkRyXcCLqh83E=s120-c-c-rp-w64-h64-mo-br100\" alt=\"ElDirector\" \/> <\/div> <div class=\"ti-profile-details\"> <div class=\"ti-name\"> ElDirector <\/div> <div class=\"ti-date\">2021-02-17<\/div> <\/div> <\/div> <\/div>  <\/div> <div class=\"ti-controls-line\"> <div class=\"dot\"><\/div> <\/div> <\/div>   <\/div> <\/div>[\/et_pb_code][\/et_pb_column][\/et_pb_row][\/et_pb_section]<\/p>","protected":false},"excerpt":{"rendered":"<p>Portafolio Peque\u00f1a selecci\u00f3n de nuestras \u00faltimas creaciones de sitios web y de identidad visual para empresas y profesionales liberales\u00a0Dentista en Orbe, Suiza Alojamiento mantenimiento Identidad visual Contacto Creaci\u00f3n del sitio de un dentista en Annecy Reserva directa Interfaz de usuario, gesti\u00f3n de productos y pagos Dise\u00f1o gr\u00e1fico e iconos a medida Terapeuta en Ch\u00e2teaurenard Alojamiento mantenimiento Identidad visual Calendario de eventos [\u2026]<\/p>","protected":false},"author":1,"featured_media":0,"parent":0,"menu_order":0,"comment_status":"closed","ping_status":"closed","template":"","meta":{"_et_pb_use_builder":"on","_et_pb_old_content":"","_et_gb_content_width":"","footnotes":""},"class_list":["post-484","page","type-page","status-publish","hentry"],"yoast_head":"<!-- This site is optimized with the Yoast SEO plugin v27.4 - https:\/\/yoast.com\/product\/yoast-seo-wordpress\/ -->\n<title>Portfolio - Cr\u00e9ation de sites pour PME, artisans et lib\u00e9raux<\/title>\n<meta name=\"description\" content=\"Derni\u00e8res cr\u00e9ations de sites pour entreprises, professions lib\u00e9rales et ind\u00e9pendants. Refonte et cr\u00e9ations web pour les entreprises, r\u00e9f\u00e9rencement naturel.\" \/>\n<meta name=\"robots\" content=\"index, follow, max-snippet:-1, max-image-preview:large, max-video-preview:-1\" \/>\n<link rel=\"canonical\" href=\"https:\/\/www.france-webdesign.com\/es\/cartera\" \/>\n<meta property=\"og:locale\" content=\"es_ES\" \/>\n<meta property=\"og:type\" content=\"article\" \/>\n<meta property=\"og:title\" content=\"Portfolio - Cr\u00e9ation de sites pour PME, artisans et lib\u00e9raux\" \/>\n<meta property=\"og:description\" content=\"Derni\u00e8res cr\u00e9ations de sites pour entreprises, professions lib\u00e9rales et ind\u00e9pendants. Refonte et cr\u00e9ations web pour les entreprises, r\u00e9f\u00e9rencement naturel.\" \/>\n<meta property=\"og:url\" content=\"https:\/\/www.france-webdesign.com\/es\/cartera\" \/>\n<meta property=\"og:site_name\" content=\"Cr\u00e9ation de sites pour PME, artisans et lib\u00e9raux\" \/>\n<meta property=\"article:modified_time\" content=\"2025-07-21T09:28:55+00:00\" \/>\n<meta name=\"twitter:card\" content=\"summary_large_image\" \/>\n<meta name=\"twitter:label1\" content=\"Tiempo de lectura\" \/>\n\t<meta name=\"twitter:data1\" content=\"16 minutos\" \/>\n<script type=\"application\/ld+json\" class=\"yoast-schema-graph\">{\"@context\":\"https:\\\/\\\/schema.org\",\"@graph\":[{\"@type\":\"WebPage\",\"@id\":\"https:\\\/\\\/www.france-webdesign.com\\\/es\\\/cartera\",\"url\":\"https:\\\/\\\/www.france-webdesign.com\\\/es\\\/cartera\",\"name\":\"Portfolio - Cr\u00e9ation de sites pour PME, artisans et lib\u00e9raux\",\"isPartOf\":{\"@id\":\"https:\\\/\\\/www.france-webdesign.com\\\/es\\\/#website\"},\"datePublished\":\"2018-12-19T14:16:43+00:00\",\"dateModified\":\"2025-07-21T09:28:55+00:00\",\"description\":\"Derni\u00e8res cr\u00e9ations de sites pour entreprises, professions lib\u00e9rales et ind\u00e9pendants. Refonte et cr\u00e9ations web pour les entreprises, r\u00e9f\u00e9rencement naturel.\",\"breadcrumb\":{\"@id\":\"https:\\\/\\\/www.france-webdesign.com\\\/es\\\/cartera#breadcrumb\"},\"inLanguage\":\"es\",\"potentialAction\":[{\"@type\":\"ReadAction\",\"target\":[\"https:\\\/\\\/www.france-webdesign.com\\\/es\\\/cartera\"]}]},{\"@type\":\"BreadcrumbList\",\"@id\":\"https:\\\/\\\/www.france-webdesign.com\\\/es\\\/cartera#breadcrumb\",\"itemListElement\":[{\"@type\":\"ListItem\",\"position\":1,\"name\":\"Accueil\",\"item\":\"https:\\\/\\\/www.france-webdesign.com\\\/\"},{\"@type\":\"ListItem\",\"position\":2,\"name\":\"Portfolio\"}]},{\"@type\":\"WebSite\",\"@id\":\"https:\\\/\\\/www.france-webdesign.com\\\/es\\\/#website\",\"url\":\"https:\\\/\\\/www.france-webdesign.com\\\/es\\\/\",\"name\":\"Cr\u00e9ation de sites pour PME, artisans et lib\u00e9raux\",\"description\":\"France Web Design\",\"publisher\":{\"@id\":\"https:\\\/\\\/www.france-webdesign.com\\\/es\\\/#organization\"},\"potentialAction\":[{\"@type\":\"SearchAction\",\"target\":{\"@type\":\"EntryPoint\",\"urlTemplate\":\"https:\\\/\\\/www.france-webdesign.com\\\/es\\\/?s={search_term_string}\"},\"query-input\":{\"@type\":\"PropertyValueSpecification\",\"valueRequired\":true,\"valueName\":\"search_term_string\"}}],\"inLanguage\":\"es\"},{\"@type\":\"Organization\",\"@id\":\"https:\\\/\\\/www.france-webdesign.com\\\/es\\\/#organization\",\"name\":\"Cr\u00e9ation de sites pour entreprises et professionnels\",\"url\":\"https:\\\/\\\/www.france-webdesign.com\\\/es\\\/\",\"logo\":{\"@type\":\"ImageObject\",\"inLanguage\":\"es\",\"@id\":\"https:\\\/\\\/www.france-webdesign.com\\\/es\\\/#\\\/schema\\\/logo\\\/image\\\/\",\"url\":\"https:\\\/\\\/www.france-webdesign.com\\\/wp-content\\\/uploads\\\/2018\\\/12\\\/france-webdesign-logo.png\",\"contentUrl\":\"https:\\\/\\\/www.france-webdesign.com\\\/wp-content\\\/uploads\\\/2018\\\/12\\\/france-webdesign-logo.png\",\"width\":442,\"height\":127,\"caption\":\"Cr\u00e9ation de sites pour entreprises et professionnels\"},\"image\":{\"@id\":\"https:\\\/\\\/www.france-webdesign.com\\\/es\\\/#\\\/schema\\\/logo\\\/image\\\/\"}}]}<\/script>\n<!-- \/ Yoast SEO plugin. -->","yoast_head_json":{"title":"Portfolio - Cr\u00e9ation de sites pour PME, artisans et lib\u00e9raux","description":"Derni\u00e8res cr\u00e9ations de sites pour entreprises, professions lib\u00e9rales et ind\u00e9pendants. Refonte et cr\u00e9ations web pour les entreprises, r\u00e9f\u00e9rencement naturel.","robots":{"index":"index","follow":"follow","max-snippet":"max-snippet:-1","max-image-preview":"max-image-preview:large","max-video-preview":"max-video-preview:-1"},"canonical":"https:\/\/www.france-webdesign.com\/es\/cartera","og_locale":"es_ES","og_type":"article","og_title":"Portfolio - Cr\u00e9ation de sites pour PME, artisans et lib\u00e9raux","og_description":"Derni\u00e8res cr\u00e9ations de sites pour entreprises, professions lib\u00e9rales et ind\u00e9pendants. Refonte et cr\u00e9ations web pour les entreprises, r\u00e9f\u00e9rencement naturel.","og_url":"https:\/\/www.france-webdesign.com\/es\/cartera","og_site_name":"Cr\u00e9ation de sites pour PME, artisans et lib\u00e9raux","article_modified_time":"2025-07-21T09:28:55+00:00","twitter_card":"summary_large_image","twitter_misc":{"Tiempo de lectura":"16 minutos"},"schema":{"@context":"https:\/\/schema.org","@graph":[{"@type":"WebPage","@id":"https:\/\/www.france-webdesign.com\/es\/cartera","url":"https:\/\/www.france-webdesign.com\/es\/cartera","name":"Portfolio - Cr\u00e9ation de sites pour PME, artisans et lib\u00e9raux","isPartOf":{"@id":"https:\/\/www.france-webdesign.com\/es\/#website"},"datePublished":"2018-12-19T14:16:43+00:00","dateModified":"2025-07-21T09:28:55+00:00","description":"Derni\u00e8res cr\u00e9ations de sites pour entreprises, professions lib\u00e9rales et ind\u00e9pendants. Refonte et cr\u00e9ations web pour les entreprises, r\u00e9f\u00e9rencement naturel.","breadcrumb":{"@id":"https:\/\/www.france-webdesign.com\/es\/cartera#breadcrumb"},"inLanguage":"es","potentialAction":[{"@type":"ReadAction","target":["https:\/\/www.france-webdesign.com\/es\/cartera"]}]},{"@type":"BreadcrumbList","@id":"https:\/\/www.france-webdesign.com\/es\/cartera#breadcrumb","itemListElement":[{"@type":"ListItem","position":1,"name":"Accueil","item":"https:\/\/www.france-webdesign.com\/"},{"@type":"ListItem","position":2,"name":"Portfolio"}]},{"@type":"WebSite","@id":"https:\/\/www.france-webdesign.com\/es\/#website","url":"https:\/\/www.france-webdesign.com\/es\/","name":"Cr\u00e9ation de sites pour PME, artisans et lib\u00e9raux","description":"France Web Design","publisher":{"@id":"https:\/\/www.france-webdesign.com\/es\/#organization"},"potentialAction":[{"@type":"SearchAction","target":{"@type":"EntryPoint","urlTemplate":"https:\/\/www.france-webdesign.com\/es\/?s={search_term_string}"},"query-input":{"@type":"PropertyValueSpecification","valueRequired":true,"valueName":"search_term_string"}}],"inLanguage":"es"},{"@type":"Organization","@id":"https:\/\/www.france-webdesign.com\/es\/#organization","name":"Cr\u00e9ation de sites pour entreprises et professionnels","url":"https:\/\/www.france-webdesign.com\/es\/","logo":{"@type":"ImageObject","inLanguage":"es","@id":"https:\/\/www.france-webdesign.com\/es\/#\/schema\/logo\/image\/","url":"https:\/\/www.france-webdesign.com\/wp-content\/uploads\/2018\/12\/france-webdesign-logo.png","contentUrl":"https:\/\/www.france-webdesign.com\/wp-content\/uploads\/2018\/12\/france-webdesign-logo.png","width":442,"height":127,"caption":"Cr\u00e9ation de sites pour entreprises et professionnels"},"image":{"@id":"https:\/\/www.france-webdesign.com\/es\/#\/schema\/logo\/image\/"}}]}},"_links":{"self":[{"href":"https:\/\/www.france-webdesign.com\/es\/wp-json\/wp\/v2\/pages\/484","targetHints":{"allow":["GET"]}}],"collection":[{"href":"https:\/\/www.france-webdesign.com\/es\/wp-json\/wp\/v2\/pages"}],"about":[{"href":"https:\/\/www.france-webdesign.com\/es\/wp-json\/wp\/v2\/types\/page"}],"author":[{"embeddable":true,"href":"https:\/\/www.france-webdesign.com\/es\/wp-json\/wp\/v2\/users\/1"}],"replies":[{"embeddable":true,"href":"https:\/\/www.france-webdesign.com\/es\/wp-json\/wp\/v2\/comments?post=484"}],"version-history":[{"count":4,"href":"https:\/\/www.france-webdesign.com\/es\/wp-json\/wp\/v2\/pages\/484\/revisions"}],"predecessor-version":[{"id":4519,"href":"https:\/\/www.france-webdesign.com\/es\/wp-json\/wp\/v2\/pages\/484\/revisions\/4519"}],"wp:attachment":[{"href":"https:\/\/www.france-webdesign.com\/es\/wp-json\/wp\/v2\/media?parent=484"}],"curies":[{"name":"wp","href":"https:\/\/api.w.org\/{rel}","templated":true}]}}